{"id":6732,"date":"2022-06-20T11:01:14","date_gmt":"2022-06-20T09:01:14","guid":{"rendered":"https:\/\/covid-19-bilgi.de\/?page_id=6732"},"modified":"2022-11-29T14:36:30","modified_gmt":"2022-11-29T12:36:30","slug":"cocuk-asilari-5-11-yas","status":"publish","type":"page","link":"https:\/\/covid-19-bilgi.de\/de\/cocuk-asilari-5-11-yas\/","title":{"rendered":"\u00c7ocuk A\u015f\u0131lar\u0131 5-11 ya\u015f"},"content":{"rendered":"<div data-elementor-type=\"wp-page\" data-elementor-id=\"6732\" class=\"elementor elementor-6732\">\n\t\t\t\t\t\t\t\t\t<section class=\"elementor-section elementor-top-section elementor-element elementor-element-7af806f8 elementor-section-full_width elementor-section-height-default elementor-section-height-default\" data-id=\"7af806f8\" data-element_type=\"section\" data-settings=\"{&quot;background_background&quot;:&quot;classic&quot;}\">\n\t\t\t\t\t\t\t<div class=\"elementor-background-overlay\"><\/div>\n\t\t\t\t\t\t\t<div class=\"elementor-container elementor-column-gap-default\">\n\t\t\t\t\t<div class=\"elementor-column elementor-col-100 elementor-top-column elementor-element elementor-element-615f3844\" data-id=\"615f3844\" data-element_type=\"column\">\n\t\t\t<div class=\"elementor-widget-wrap elementor-element-populated\">\n\t\t\t\t\t\t\t\t<div class=\"elementor-element elementor-element-25a8ecf1 elementor-widget elementor-widget-heading\" data-id=\"25a8ecf1\" data-element_type=\"widget\" data-widget_type=\"heading.default\">\n\t\t\t\t<div class=\"elementor-widget-container\">\n\t\t\t<h2 class=\"elementor-heading-title elementor-size-default\">F\u00fcr Kinder zwischen 5 und 11 Jahren<\/h2>\t\t<\/div>\n\t\t\t\t<\/div>\n\t\t\t\t<div class=\"elementor-element elementor-element-3db9181a elementor-widget-divider--view-line elementor-invisible elementor-widget elementor-widget-divider\" data-id=\"3db9181a\" data-element_type=\"widget\" data-settings=\"{&quot;_animation&quot;:&quot;fadeInLeft&quot;}\" data-widget_type=\"divider.default\">\n\t\t\t\t<div class=\"elementor-widget-container\">\n\t\t\t\t\t<div class=\"elementor-divider\">\n\t\t\t<span class=\"elementor-divider-separator\">\n\t\t\t\t\t\t<\/span>\n\t\t<\/div>\n\t\t\t\t<\/div>\n\t\t\t\t<\/div>\n\t\t\t\t<div class=\"elementor-element elementor-element-51260cc0 elementor-widget elementor-widget-heading\" data-id=\"51260cc0\" data-element_type=\"widget\" data-widget_type=\"heading.default\">\n\t\t\t\t<div class=\"elementor-widget-container\">\n\t\t\t<h1 class=\"elementor-heading-title elementor-size-default\">Schutzimpfung<\/h1>\t\t<\/div>\n\t\t\t\t<\/div>\n\t\t\t\t\t<\/div>\n\t\t<\/div>\n\t\t\t\t\t\t\t<\/div>\n\t\t<\/section>\n\t\t\t\t<section class=\"elementor-section elementor-top-section elementor-element elementor-element-2aeae044 elementor-section-boxed elementor-section-height-default elementor-section-height-default\" data-id=\"2aeae044\" data-element_type=\"section\" data-settings=\"{&quot;background_background&quot;:&quot;classic&quot;}\">\n\t\t\t\t\t\t<div class=\"elementor-container elementor-column-gap-default\">\n\t\t\t\t\t<div class=\"elementor-column elementor-col-100 elementor-top-column elementor-element elementor-element-1178fa06\" data-id=\"1178fa06\" data-element_type=\"column\">\n\t\t\t<div class=\"elementor-widget-wrap elementor-element-populated\">\n\t\t\t\t\t\t\t\t<div class=\"elementor-element elementor-element-176c5206 elementor-widget elementor-widget-spacer\" data-id=\"176c5206\" data-element_type=\"widget\" data-widget_type=\"spacer.default\">\n\t\t\t\t<div class=\"elementor-widget-container\">\n\t\t\t\t\t<div class=\"elementor-spacer\">\n\t\t\t<div class=\"elementor-spacer-inner\"><\/div>\n\t\t<\/div>\n\t\t\t\t<\/div>\n\t\t\t\t<\/div>\n\t\t\t\t<div class=\"elementor-element elementor-element-5a201d14 elementor-widget elementor-widget-text-editor\" data-id=\"5a201d14\" data-element_type=\"widget\" data-widget_type=\"text-editor.default\">\n\t\t\t\t<div class=\"elementor-widget-container\">\n\t\t\t\t\t\t\t<p>Warum sich auch Kinder zwischen 5 und 11 Jahren impfen lassen sollten<\/p>\t\t\t\t\t\t<\/div>\n\t\t\t\t<\/div>\n\t\t\t\t<div class=\"elementor-element elementor-element-1cc6a9b5 elementor-widget elementor-widget-text-editor\" data-id=\"1cc6a9b5\" data-element_type=\"widget\" data-widget_type=\"text-editor.default\">\n\t\t\t\t<div class=\"elementor-widget-container\">\n\t\t\t\t\t\t\t<p>Seit November 2021 ist der COVID-19-Impfstoff von BioNTech\/Pfizer in geringerer Dosierung f\u00fcr Kinder zwischen 5 und 11 Jahren EU-weit zugelassen. Zun\u00e4chst wurde der Kinderimpfstoff vor allem vorerkrankten Kindern empfohlen, jetzt empfiehlt die St\u00e4ndige Impfkommission (STIKO) allen Kindern ab 5 Jahren, sich impfen zu lassen.<\/p>\t\t\t\t\t\t<\/div>\n\t\t\t\t<\/div>\n\t\t\t\t<div class=\"elementor-element elementor-element-97e2b8f elementor-widget elementor-widget-text-editor\" data-id=\"97e2b8f\" data-element_type=\"widget\" data-widget_type=\"text-editor.default\">\n\t\t\t\t<div class=\"elementor-widget-container\">\n\t\t\t\t\t\t\t<p>Seit Mitte Dezember 2021 ist der f\u00fcr Kinder zwischen 5 und 11 Jahren hergestellte Impfstoff Comirnaty\u00ae von BioNTech\/Pfizer in niedrigerer Dosierung in Deutschland erh\u00e4ltlich. Am 2. M\u00e4rz 2022 hat die Europ\u00e4ische Kommission au\u00dferdem den COVID-19-Impfstoff Spikevax\u00ae von Moderna in halber Dosierung (50 Mikrogramm mRNA) zur Anwendung bei Kindern ab 6 Jahren zugelassen.<\/p><p>Damit k\u00f6nnen sich auch j\u00fcngere Kinder vor dem Coronavirus sch\u00fctzen. Das ist vor allem f\u00fcr Kinder mit Vorerkrankungen wichtig, denn sie haben ein erh\u00f6htes Risiko f\u00fcr einen schweren COVID-19-Krankheitsverlauf. Dazu geh\u00f6ren zum Beispiel Kinder mit einer Herzschw\u00e4che, Trisomie 21 oder starkem \u00dcbergewicht. Mehr als eine Millionen Kinder in Deutschland zwischen 5 und 11 Jahren haben die M\u00f6glichkeit bereits genutzt und sind geimpft.<\/p>\t\t\t\t\t\t<\/div>\n\t\t\t\t<\/div>\n\t\t\t\t<div class=\"elementor-element elementor-element-60014c8b elementor-widget elementor-widget-text-editor\" data-id=\"60014c8b\" data-element_type=\"widget\" data-widget_type=\"text-editor.default\">\n\t\t\t\t<div class=\"elementor-widget-container\">\n\t\t\t\t\t\t\t<p>Erhalten Kinder zwischen 5 und 11 Jahren den gleichen Impfstoff wie Erwachsene?<\/p>\t\t\t\t\t\t<\/div>\n\t\t\t\t<\/div>\n\t\t\t\t<div class=\"elementor-element elementor-element-33e342d1 elementor-widget elementor-widget-text-editor\" data-id=\"33e342d1\" data-element_type=\"widget\" data-widget_type=\"text-editor.default\">\n\t\t\t\t<div class=\"elementor-widget-container\">\n\t\t\t\t\t\t\t<p>Nein, der Impfstoff wurde auf 5- bis 11J\u00e4hrige angepasst: Im Gegensatz zum BioNTech\/Pfizer-Impfstoff f\u00fcr Jugendliche und Erwachsene enth\u00e4lt der neue Kinderimpfstoff mit nur zehn Mikrogramm mRNA (Wirkstoff) pro Dosis, also eine geringere Dosierung als bei  Personen ab 12 Jahren (30 Mikrogramm pro Dosis).  Am 2. M\u00e4rz 2022 hat die Europ\u00e4ische Kommission au\u00dferdem den COVID-19-Impfstoff Spikevax\u00ae von Moderna in halber Dosierung (50 Mikrogramm mRNA) zur Anwendung bei Kindern ab 6 Jahren zugelassen.<\/p>\t\t\t\t\t\t<\/div>\n\t\t\t\t<\/div>\n\t\t\t\t<div class=\"elementor-element elementor-element-8aaf286 elementor-widget elementor-widget-text-editor\" data-id=\"8aaf286\" data-element_type=\"widget\" data-widget_type=\"text-editor.default\">\n\t\t\t\t<div class=\"elementor-widget-container\">\n\t\t\t\t\t\t\t<p>Was empfiehlt die STIKO f\u00fcr Kinder zwischen 5 und 11 Jahren?<\/p>\t\t\t\t\t\t<\/div>\n\t\t\t\t<\/div>\n\t\t\t\t<div class=\"elementor-element elementor-element-fa8dff8 elementor-widget elementor-widget-text-editor\" data-id=\"fa8dff8\" data-element_type=\"widget\" data-widget_type=\"text-editor.default\">\n\t\t\t\t<div class=\"elementor-widget-container\">\n\t\t\t\t\t\t\t<em>In Abw\u00e4gung aller Daten, die aktuell zur Verf\u00fcgung stehen, empfiehlt die STIKO seit Mai 2022<\/em>\t\t\t\t\t\t<\/div>\n\t\t\t\t<\/div>\n\t\t\t\t<div class=\"elementor-element elementor-element-235c0514 elementor-widget elementor-widget-text-editor\" data-id=\"235c0514\" data-element_type=\"widget\" data-widget_type=\"text-editor.default\">\n\t\t\t\t<div class=\"elementor-widget-container\">\n\t\t\t\t\t\t\t<ul>\n \t<li>Alle Kinder zwischen 5 und 11 Jahren sollten sich zun\u00e4chst einmalig mit einem mRNA-Impfstoff impfen lassen \u2013 vorzugsweise mit dem angepassten Impfstoff Comirnaty\u00ae 10 \u03bcg. Die Verwendung von Spikevax (50 \u03bcg) ist f\u00fcr 6- bis 11-j\u00e4hrige Kinder ebenfalls m\u00f6glich.<\/li><br>\n \t<li>Kinder mit Vorerkrankungen sollten eine Grundimmunisierung (zwei Impfdosen im Abstand von drei bis sechs Wochen) sowie eine Auffrischungsimpfung nach sechs Monaten erhalten.<\/li><br>\n \t<li>Kinder (ohne Vorerkrankungen) mit engem Kontakt zu gef\u00e4hrdeten Personen, die ein hohes Risiko f\u00fcr einen schweren COVID-19-Krankheitsverlauf haben und die selbst nicht sicher durch eine eigene Impfung gesch\u00fctzt werden k\u00f6nnen (zum Beispiel Menschen mit einem geschw\u00e4chten Immunsystem) empfiehlt die STIKO zwei Impfdosen im Abstand von drei bis sechs Wochen.<\/li><br>\n \t<li>Kinder zwischen 5 und 11 Jahren mit einer Immundefizienz sollen \u2013 je nach Art und Auspr\u00e4gung der Immunschw\u00e4che \u2013 mindestens drei Impfdosen zur Grundimmunisierung erhalten. Diese sollten im Mindestabstand von vier Wochen zur vorangegangenen Impfstoffdosis erfolgen. Au\u00dferdem empfiehlt die STIKO immungeschw\u00e4chten Kindern zwei Auffrischungsimpfungen im Abstand von mindestens drei Monaten zur vorangegangenen Impfdosis.<\/li><br>\n \t<li>Genesene Kinder sollten sich drei Monate nach der Infektion einmalig impfen lassen.<\/li><br>\n \t<li>Gesunde Kinder, die bereits zweimal geimpft wurden, sollen zun\u00e4chst keine weitere Impfung erhalten.<\/li>\n<\/ul>\t\t\t\t\t\t<\/div>\n\t\t\t\t<\/div>\n\t\t\t\t\t<\/div>\n\t\t<\/div>\n\t\t\t\t\t\t\t<\/div>\n\t\t<\/section>\n\t\t\t\t<section class=\"elementor-section elementor-top-section elementor-element elementor-element-1aedd810 elementor-section-boxed elementor-section-height-default elementor-section-height-default\" data-id=\"1aedd810\" data-element_type=\"section\" data-settings=\"{&quot;background_background&quot;:&quot;classic&quot;}\">\n\t\t\t\t\t\t\t<div class=\"elementor-background-overlay\"><\/div>\n\t\t\t\t\t\t\t<div class=\"elementor-container elementor-column-gap-default\">\n\t\t\t\t\t<div class=\"elementor-column elementor-col-100 elementor-top-column elementor-element elementor-element-25e942\" data-id=\"25e942\" data-element_type=\"column\" data-settings=\"{&quot;background_background&quot;:&quot;classic&quot;}\">\n\t\t\t<div class=\"elementor-widget-wrap elementor-element-populated\">\n\t\t\t\t\t<div class=\"elementor-background-overlay\"><\/div>\n\t\t\t\t\t\t\t\t<div class=\"elementor-element elementor-element-a12e51d elementor-widget elementor-widget-spacer\" data-id=\"a12e51d\" data-element_type=\"widget\" data-widget_type=\"spacer.default\">\n\t\t\t\t<div class=\"elementor-widget-container\">\n\t\t\t\t\t<div class=\"elementor-spacer\">\n\t\t\t<div class=\"elementor-spacer-inner\"><\/div>\n\t\t<\/div>\n\t\t\t\t<\/div>\n\t\t\t\t<\/div>\n\t\t\t\t<div class=\"elementor-element elementor-element-4509ebc1 animated-slow elementor-invisible elementor-widget elementor-widget-text-editor\" data-id=\"4509ebc1\" data-element_type=\"widget\" data-settings=\"{&quot;_animation&quot;:&quot;fadeInLeft&quot;,&quot;_animation_delay&quot;:0}\" data-widget_type=\"text-editor.default\">\n\t\t\t\t<div class=\"elementor-widget-container\">\n\t\t\t\t\t\t\t<p>Unter der bundesweiten kostenfreien t\u00fcrkischsprachigen Telefon-Hotline<\/p>\t\t\t\t\t\t<\/div>\n\t\t\t\t<\/div>\n\t\t\t\t<div class=\"elementor-element elementor-element-52631e98 elementor-widget elementor-widget-heading\" data-id=\"52631e98\" data-element_type=\"widget\" data-widget_type=\"heading.default\">\n\t\t\t\t<div class=\"elementor-widget-container\">\n\t\t\t<h2 class=\"elementor-heading-title elementor-size-default\">0800 0000 837<\/h2>\t\t<\/div>\n\t\t\t\t<\/div>\n\t\t\t\t<div class=\"elementor-element elementor-element-72676279 animated-slow elementor-invisible elementor-widget elementor-widget-text-editor\" data-id=\"72676279\" data-element_type=\"widget\" data-settings=\"{&quot;_animation&quot;:&quot;fadeInLeft&quot;,&quot;_animation_delay&quot;:0}\" data-widget_type=\"text-editor.default\">\n\t\t\t\t<div class=\"elementor-widget-container\">\n\t\t\t\t\t\t\t<p>erhalten Sie  alle aktuellen Informationen zur Corona- Schutzimpfung.<\/p>\t\t\t\t\t\t<\/div>\n\t\t\t\t<\/div>\n\t\t\t\t<div class=\"elementor-element elementor-element-1e293f31 elementor-widget elementor-widget-spacer\" data-id=\"1e293f31\" data-element_type=\"widget\" data-widget_type=\"spacer.default\">\n\t\t\t\t<div class=\"elementor-widget-container\">\n\t\t\t\t\t<div class=\"elementor-spacer\">\n\t\t\t<div class=\"elementor-spacer-inner\"><\/div>\n\t\t<\/div>\n\t\t\t\t<\/div>\n\t\t\t\t<\/div>\n\t\t\t\t\t<\/div>\n\t\t<\/div>\n\t\t\t\t\t\t\t<\/div>\n\t\t<\/section>\n\t\t\t\t<section class=\"elementor-section elementor-top-section elementor-element elementor-element-12cb916d elementor-section-boxed elementor-section-height-default elementor-section-height-default\" data-id=\"12cb916d\" data-element_type=\"section\" data-settings=\"{&quot;background_background&quot;:&quot;classic&quot;}\">\n\t\t\t\t\t\t<div class=\"elementor-container elementor-column-gap-default\">\n\t\t\t\t\t<div class=\"elementor-column elementor-col-100 elementor-top-column elementor-element elementor-element-5d8923c5\" data-id=\"5d8923c5\" data-element_type=\"column\">\n\t\t\t<div class=\"elementor-widget-wrap elementor-element-populated\">\n\t\t\t\t\t\t\t\t<div class=\"elementor-element elementor-element-c5aad96 elementor-widget elementor-widget-spacer\" data-id=\"c5aad96\" data-element_type=\"widget\" data-widget_type=\"spacer.default\">\n\t\t\t\t<div class=\"elementor-widget-container\">\n\t\t\t\t\t<div class=\"elementor-spacer\">\n\t\t\t<div class=\"elementor-spacer-inner\"><\/div>\n\t\t<\/div>\n\t\t\t\t<\/div>\n\t\t\t\t<\/div>\n\t\t\t\t<div class=\"elementor-element elementor-element-3b9cd863 elementor-widget elementor-widget-text-editor\" data-id=\"3b9cd863\" data-element_type=\"widget\" data-widget_type=\"text-editor.default\">\n\t\t\t\t<div class=\"elementor-widget-container\">\n\t\t\t\t\t\t\t<p>Wie wirksam und sicher sind die Kinderimpfstoffe?<\/p>\t\t\t\t\t\t<\/div>\n\t\t\t\t<\/div>\n\t\t\t\t<div class=\"elementor-element elementor-element-2c7b2ed0 elementor-widget elementor-widget-text-editor\" data-id=\"2c7b2ed0\" data-element_type=\"widget\" data-widget_type=\"text-editor.default\">\n\t\t\t\t<div class=\"elementor-widget-container\">\n\t\t\t\t\t\t\t<p>In den Zulassungsstudien konnten beide Kinderimpfstoffe das Risiko einer COVID-19-Erkrankung wirksam reduzieren und ein positives Nutzen-Risiko-Profil zeigen: Demnach reduzierte der Impfstoff Comirnaty\u00ae (10 \u03bcg) bei Kindern im Alter von 5 bis 11 Jahren das Risiko einer COVID-19-Erkrankung um rund 90 Prozent. Auch Spikevax\u00ae (50 \u03bcg) von Moderna erzielte in klinischen Studien bei 6- bis 11-J\u00e4hrigen mit rund 76 Prozent eine hohe Wirksamkeit zur Verhinderung von Infektionen mit dem Coronavirus.<\/p>\t\t\t\t\t\t<\/div>\n\t\t\t\t<\/div>\n\t\t\t\t<div class=\"elementor-element elementor-element-f4482be elementor-widget elementor-widget-text-editor\" data-id=\"f4482be\" data-element_type=\"widget\" data-widget_type=\"text-editor.default\">\n\t\t\t\t<div class=\"elementor-widget-container\">\n\t\t\t\t\t\t\t<p>Wie gut sch\u00fctzt der Kinderimpfstoff vor Virusvarianten?<\/p>\t\t\t\t\t\t<\/div>\n\t\t\t\t<\/div>\n\t\t\t\t<div class=\"elementor-element elementor-element-8c50dc2 elementor-widget elementor-widget-text-editor\" data-id=\"8c50dc2\" data-element_type=\"widget\" data-widget_type=\"text-editor.default\">\n\t\t\t\t<div class=\"elementor-widget-container\">\n\t\t\t\t\t\t\t<p>Neue Beobachtungsdaten zum f\u00fcr Kinder angepassten Impfstoff von BioNtech\/Pfizer zeigen eine deutliche Reduktion der Schutzwirkung gegen Infektionen mit der aktuell vorherrschenden Omikron-Variante. Aber: Es wird auch deutlich, dass die Impfung weiterhin gut gegen schwere Erkrankungen sch\u00fctzt. Die Schutzwirkung f\u00e4llt bei 5- bis 11-J\u00e4hrigen vermutlich wegen der reduzierten Dosierung insgesamt geringer aus und l\u00e4sst schneller nach als bei 12- bis 17-J\u00e4hrigen.<\/p><p>Durch das hohe Infektionsgeschehen in der Altersgruppe der 5- bis 11-J\u00e4hrigen kann jedoch bei einem Gro\u00dfteil der Kinder durch eine Impfung eine sogenannte hybride Immunit\u00e4t aufgebaut werden, also eine Kombination aus einem nat\u00fcrlich erworbenen Schutz durch eine Coronavirus-Infektion und einem durch den Impfstoff vermittelten Schutz. Expertinnen und Experten gehen davon aus, dass diese Kombination besser vor Infektionen mit bisher bekannten Virusvarianten sch\u00fctzt als eine alleinige Infektion oder eine alleinige Impfung.  Durch die breitere Immunantwort bestehe m\u00f6glicherweise auch ein besserer Schutz gegen neue Virusvarianten, so die STIKO.<\/p>\t\t\t\t\t\t<\/div>\n\t\t\t\t<\/div>\n\t\t\t\t<div class=\"elementor-element elementor-element-670e0811 elementor-widget elementor-widget-text-editor\" data-id=\"670e0811\" data-element_type=\"widget\" data-widget_type=\"text-editor.default\">\n\t\t\t\t<div class=\"elementor-widget-container\">\n\t\t\t\t\t\t\tWarum sollen gesunde Kinder zwischen 5 und 11 Jahren zun\u00e4chst nur einmal geimpft werden?\t\t\t\t\t\t<\/div>\n\t\t\t\t<\/div>\n\t\t\t\t<div class=\"elementor-element elementor-element-20cb8e49 elementor-widget elementor-widget-text-editor\" data-id=\"20cb8e49\" data-element_type=\"widget\" data-widget_type=\"text-editor.default\">\n\t\t\t\t<div class=\"elementor-widget-container\">\n\t\t\t\t\t\t\t<div><p>Mit der einmaligen Corona-Schutzimpfung k\u00f6nnen Kinder eine sogenannte Basisimmunit\u00e4t gegen das Coronavirus aufbauen, mit der sie das Virus schneller erkennen und dann erfolgreich bek\u00e4mpfen k\u00f6nnen. Durch die Impfung kommt es zu einer ersten Immunantwort gegen das Spike-Protein, die im Falle einer sp\u00e4teren Notwendigkeit (z. B. bei indizierter Krankheitsschwere durch neu oder erneut zirkulierende Virusvarianten), zeitnah durch eine sp\u00e4tere weitere Impfung verst\u00e4rkt werden kann.<\/p><p>Daten von Erwachsenen legen zudem nahe, dass ein l\u00e4ngerer Abstand zwischen den beiden Impfdosen zur Grundimmunisierung eine h\u00f6here Wirksamkeit erzielen kann. Deshalb und mit Blick auf eine m\u00f6gliche neue Infektionswelle (zum Beispiel im kommenden Herbst\/Winter) empfiehlt die STIKO, allen 5- bis 11-j\u00e4hrigen Kinder in den Sommermonaten zun\u00e4chst eine einmalige Impfung. So l\u00e4sst sich ein m\u00f6glichst langer Impfabstand erreichen, falls sich aufgrund der epidemischen Lage oder neuer wissenschaftlicher Erkenntnisse die Notwendigkeit einer weiteren Impfung zur Optimierung des Immunschutzes zum Ende des Jahres ergibt.<\/p><\/div>\t\t\t\t\t\t<\/div>\n\t\t\t\t<\/div>\n\t\t\t\t<div class=\"elementor-element elementor-element-28826098 elementor-widget elementor-widget-text-editor\" data-id=\"28826098\" data-element_type=\"widget\" data-widget_type=\"text-editor.default\">\n\t\t\t\t<div class=\"elementor-widget-container\">\n\t\t\t\t\t\t\t<p>Welche Nebenwirkungen gibt es?<\/p>\t\t\t\t\t\t<\/div>\n\t\t\t\t<\/div>\n\t\t\t\t<div class=\"elementor-element elementor-element-354eeb92 elementor-widget elementor-widget-text-editor\" data-id=\"354eeb92\" data-element_type=\"widget\" data-widget_type=\"text-editor.default\">\n\t\t\t\t<div class=\"elementor-widget-container\">\n\t\t\t\t\t\t\t<p>Die bisher beobachteten Impfreaktionen waren in der Regel mild und vergleichbar mit denen von Personen ab 12 Jahren und Erwachsenen. Berichtet wird etwa von Schmerzen sowie R\u00f6tung und Schwellung an der Einstichstelle, M\u00fcdigkeit und Kopfschmerzen.<\/p><p class=\" translation-block\">Konkret hei\u00dft dies: Die h\u00e4ufigsten Nebenwirkungen in der Zulassungsstudie von Comirnaty\u00ae 10 \u00b5g waren Schmerzen an der Einstichstelle (80 Prozent), M\u00fcdigkeit \/Abgeschlagenheit (50 Prozent), Kopfschmerzen (30 Prozent), R\u00f6tung und Schwellung an der Einstichstelle (20 Prozent), Gliederschmerzen (10 Prozent). Die Beschwerden sind meist leicht bis m\u00e4\u00dfig ausgepr\u00e4gt und klingen innerhalb weniger Tage nach der Impfung ab. Auch das Risiko f\u00fcr sehr seltene Herzmuskelentz\u00fcndungen (Myokarditis) nach einer Impfung mit Corminaty<sup>\u00ae<\/sup> ist laut STIKO bei 5- bis 11-j\u00e4hrigen Kindern deutlich geringer als bei Jugendlichen und jungen Erwachsenen.<\/p>\t\t\t\t\t\t<\/div>\n\t\t\t\t<\/div>\n\t\t\t\t<div class=\"elementor-element elementor-element-e57a883 elementor-widget elementor-widget-text-editor\" data-id=\"e57a883\" data-element_type=\"widget\" data-widget_type=\"text-editor.default\">\n\t\t\t\t<div class=\"elementor-widget-container\">\n\t\t\t\t\t\t\t<p>Stand<em> 06.2022,<\/em> Quelle: Bundesministerium f\u00fcr Gesundheit<\/p>\t\t\t\t\t\t<\/div>\n\t\t\t\t<\/div>\n\t\t\t\t\t<\/div>\n\t\t<\/div>\n\t\t\t\t\t\t\t<\/div>\n\t\t<\/section>\n\t\t\t\t\t\t\t<\/div>","protected":false},"excerpt":{"rendered":"<p>5 ila11 ya\u015f\u0131ndaki \u00e7ocuklar i\u00e7in Korona A\u015f\u0131s\u0131 Neden 5 ila 11 ya\u015f\u0131ndaki \u00e7ocuklar da a\u015f\u0131lanmal\u0131d\u0131r? Kas\u0131m 2021&#8217;de BioNTech\/Pfizer&#8217;in COVID-19 a\u015f\u0131s\u0131 AB genelinde 5 ila 11 ya\u015f aras\u0131ndaki \u00e7ocuklar i\u00e7in daha d\u00fc\u015f\u00fck bir dozda onaylanm\u0131\u015ft\u0131. Ba\u015flang\u0131\u00e7ta \u00e7ocuk a\u015f\u0131s\u0131 Daimi A\u015f\u0131 Komisyonu (STIKO) taraf\u0131ndan daha \u00e7ok \u00f6nceden hastal\u0131\u011f\u0131 olan \u00e7ocuklar i\u00e7in tavsiye etmi\u015fti. \u015eimdi STIKO 5 ya\u015f\u0131ndan [&hellip;]<\/p>","protected":false},"author":1,"featured_media":0,"parent":0,"menu_order":0,"comment_status":"closed","ping_status":"closed","template":"","meta":[],"_links":{"self":[{"href":"https:\/\/covid-19-bilgi.de\/de\/wp-json\/wp\/v2\/pages\/6732"}],"collection":[{"href":"https:\/\/covid-19-bilgi.de\/de\/wp-json\/wp\/v2\/pages"}],"about":[{"href":"https:\/\/covid-19-bilgi.de\/de\/wp-json\/wp\/v2\/types\/page"}],"author":[{"embeddable":true,"href":"https:\/\/covid-19-bilgi.de\/de\/wp-json\/wp\/v2\/users\/1"}],"replies":[{"embeddable":true,"href":"https:\/\/covid-19-bilgi.de\/de\/wp-json\/wp\/v2\/comments?post=6732"}],"version-history":[{"count":38,"href":"https:\/\/covid-19-bilgi.de\/de\/wp-json\/wp\/v2\/pages\/6732\/revisions"}],"predecessor-version":[{"id":8376,"href":"https:\/\/covid-19-bilgi.de\/de\/wp-json\/wp\/v2\/pages\/6732\/revisions\/8376"}],"wp:attachment":[{"href":"https:\/\/covid-19-bilgi.de\/de\/wp-json\/wp\/v2\/media?parent=6732"}],"curies":[{"name":"wp","href":"https:\/\/api.w.org\/{rel}","templated":true}]}}