{"id":11,"date":"2021-03-30T10:37:42","date_gmt":"2021-03-30T08:37:42","guid":{"rendered":"http:\/\/covid-19-bilgi.de\/?page_id=11"},"modified":"2022-12-14T09:33:35","modified_gmt":"2022-12-14T07:33:35","slug":"home","status":"publish","type":"page","link":"https:\/\/covid-19-bilgi.de\/de\/home\/","title":{"rendered":"Eski Ana Sayfa bis 120422"},"content":{"rendered":"<div data-elementor-type=\"wp-page\" data-elementor-id=\"11\" class=\"elementor elementor-11\">\n\t\t\t\t\t\t\t\t\t<section class=\"elementor-section elementor-top-section elementor-element elementor-element-daa82ef elementor-section-full_width elementor-section-height-default elementor-section-height-default\" data-id=\"daa82ef\" data-element_type=\"section\">\n\t\t\t\t\t\t<div class=\"elementor-container elementor-column-gap-default\">\n\t\t\t\t\t<div class=\"elementor-column elementor-col-100 elementor-top-column elementor-element elementor-element-4e8738c\" data-id=\"4e8738c\" data-element_type=\"column\">\n\t\t\t<div class=\"elementor-widget-wrap elementor-element-populated\">\n\t\t\t\t\t\t\t\t<div class=\"elementor-element elementor-element-f6d4e74 elementor--v-position-bottom elementor--h-position-center elementor-arrows-position-inside elementor-pagination-position-inside elementor-widget elementor-widget-slides\" data-id=\"f6d4e74\" data-element_type=\"widget\" data-settings=\"{&quot;autoplay_speed&quot;:6000,&quot;transition&quot;:&quot;fade&quot;,&quot;navigation&quot;:&quot;both&quot;,&quot;autoplay&quot;:&quot;yes&quot;,&quot;pause_on_hover&quot;:&quot;yes&quot;,&quot;pause_on_interaction&quot;:&quot;yes&quot;,&quot;infinite&quot;:&quot;yes&quot;,&quot;transition_speed&quot;:500}\" data-widget_type=\"slides.default\">\n\t\t\t\t<div class=\"elementor-widget-container\">\n\t\t\t\t\t<div class=\"elementor-swiper\">\n\t\t\t<div class=\"elementor-slides-wrapper elementor-main-swiper swiper-container\" dir=\"ltr\" data-animation=\"fadeInUp\">\n\t\t\t\t<div class=\"swiper-wrapper elementor-slides\">\n\t\t\t\t\t\t\t\t\t\t<div class=\"elementor-repeater-item-5216654 swiper-slide\"><div class=\"swiper-slide-bg elementor-ken-burns elementor-ken-burns--in\"><\/div><div class=\"elementor-background-overlay\"><\/div><div class=\"swiper-slide-inner\" ><div class=\"swiper-slide-contents\"><div class=\"elementor-slide-heading\">Corona Update<\/div><div class=\"elementor-slide-description\">Aktuelle Informationen aus Deutschland<\/div><\/div><\/div><\/div><div class=\"elementor-repeater-item-c9ef693 swiper-slide\"><div class=\"swiper-slide-bg elementor-ken-burns elementor-ken-burns--in\"><\/div><div class=\"swiper-slide-inner\" ><div class=\"swiper-slide-contents\"><div class=\"elementor-slide-heading\">Lassen Sie sich impfen!<\/div><div class=\"elementor-slide-description\">Impfung bricht Fasten nicht!<\/div><div  class=\"elementor-button elementor-slide-button elementor-size-sm\"><span style=\"color: #ffffff;\"><a style=\"color: #ffffff;\" href=\"https:\/\/covid-19-bilgi.de\/tr\/#arztpraxen\">Sofort Terminvereinbaren!<\/a><\/span><\/div><\/div><\/div><\/div><div class=\"elementor-repeater-item-c929815 swiper-slide\"><div class=\"swiper-slide-bg elementor-ken-burns elementor-ken-burns--in\"><\/div><div class=\"swiper-slide-inner\" ><div class=\"swiper-slide-contents\"><div class=\"elementor-slide-heading\">Impfen sch\u00fctzt!<\/div><div class=\"elementor-slide-description\">Sch\u00fctzen Sie sich und Ihre Mitmenschen!<\/div><div  class=\"elementor-button elementor-slide-button elementor-size-sm\"><span style=\"color: #ffffff;\"><a style=\"color: #ffffff;\" href=\"https:\/\/covid-19-bilgi.de\/tr\/#arztpraxen\">Sofort Terminvereinbaren!<\/a><\/span><\/div><\/div><\/div><\/div><div class=\"elementor-repeater-item-2dcdd45 swiper-slide\"><div class=\"swiper-slide-bg elementor-ken-burns elementor-ken-burns--in\"><\/div><div class=\"swiper-slide-inner\" ><div class=\"swiper-slide-contents\"><div class=\"elementor-slide-heading\">Booster-Impfung<\/div><div class=\"elementor-slide-description\">Auffrischungsimpfung gegen COVID-19 <\/div><div  class=\"elementor-button elementor-slide-button elementor-size-sm\"><span style=\"color: #ffffff;\"><a style=\"color: #ffffff;\" href=\"https:\/\/covid-19-bilgi.de\/tr\/guclendirici-asi\"><span style=\"color: #ffffff\"><a style=\"color: #ffffff\" href=\"https:\/\/covid-19-bilgi.de\/de\/guclendirici-asi\">Warum ist eine Auffrischimpfung erforderlich?<\/a><\/span><\/a><\/span><\/div><\/div><\/div><\/div><div class=\"elementor-repeater-item-b606cf1 swiper-slide\"><div class=\"swiper-slide-bg elementor-ken-burns elementor-ken-burns--in\"><\/div><div class=\"elementor-background-overlay\"><\/div><div class=\"swiper-slide-inner\" ><div class=\"swiper-slide-contents\"><div class=\"elementor-slide-heading\">Die 7-Tage-Inzidenz<\/div><div class=\"elementor-slide-description\">Welche 7-Tage-Inzidenz hat Ihre Region?<\/div><div  class=\"elementor-button elementor-slide-button elementor-size-sm\"><span style=\"color: #ffffff;\"><a style=\"color: #ffffff;\" href=\"https:\/\/covid-19-bilgi.de\/tr\/#ha-va-sa\"><span style=\"color: #ffffff\"><a style=\"color: #ffffff\" href=\"https:\/\/covid-19-bilgi.de\/de\/#ha-va-sa\">Mehr Informationen \u00fcber das RKI<\/a><\/span><\/a><\/span><\/div><\/div><\/div><\/div><div class=\"elementor-repeater-item-01a5195 swiper-slide\"><div class=\"swiper-slide-bg elementor-ken-burns elementor-ken-burns--in\"><\/div><div class=\"elementor-background-overlay\"><\/div><div class=\"swiper-slide-inner\" ><div class=\"swiper-slide-contents\"><div class=\"elementor-slide-heading\">Corona-Warn-App<\/div><div class=\"elementor-slide-description\">Ein intelligentes Warnsystem<\/div><div  class=\"elementor-button elementor-slide-button elementor-size-sm\"><span style=\"color: #ffffff;\"><a style=\"color: #ffffff;\" href=\"https:\/\/covid-19-bilgi.de\/tr\/korona-app\/\"><span style=\"color: #ffffff\"><a style=\"color: #ffffff\" href=\"https:\/\/covid-19-bilgi.de\/de\/korona-app\">Mehr Informationen \u00fcber die App<\/a><\/span><\/a><\/span><\/div><\/div><\/div><\/div>\t\t\t\t<\/div>\n\t\t\t\t\t\t\t\t\t\t\t\t\t\t\t<div class=\"swiper-pagination\"><\/div>\n\t\t\t\t\t\t\t\t\t\t\t\t\t\t\t\t<div class=\"elementor-swiper-button elementor-swiper-button-prev\">\n\t\t\t\t\t\t\t<i aria-hidden=\"true\" class=\"eicon-chevron-left\"><\/i>\t\t\t\t\t\t\t<span class=\"elementor-screen-only\">Voriger<\/span>\n\t\t\t\t\t\t<\/div>\n\t\t\t\t\t\t<div class=\"elementor-swiper-button elementor-swiper-button-next\">\n\t\t\t\t\t\t\t<i aria-hidden=\"true\" class=\"eicon-chevron-right\"><\/i>\t\t\t\t\t\t\t<span class=\"elementor-screen-only\">N\u00e4chster<\/span>\n\t\t\t\t\t\t<\/div>\n\t\t\t\t\t\t\t\t\t\t\t\t<\/div>\n\t\t<\/div>\n\t\t\t\t<\/div>\n\t\t\t\t<\/div>\n\t\t\t\t\t<\/div>\n\t\t<\/div>\n\t\t\t\t\t\t\t<\/div>\n\t\t<\/section>\n\t\t\t\t<section class=\"elementor-section elementor-top-section elementor-element elementor-element-72e0b26 elementor-section-boxed elementor-section-height-default elementor-section-height-default\" data-id=\"72e0b26\" data-element_type=\"section\">\n\t\t\t\t\t\t<div class=\"elementor-container elementor-column-gap-default\">\n\t\t\t\t\t<div class=\"elementor-column elementor-col-100 elementor-top-column elementor-element elementor-element-913be28\" data-id=\"913be28\" data-element_type=\"column\">\n\t\t\t<div class=\"elementor-widget-wrap elementor-element-populated\">\n\t\t\t\t\t\t\t\t<div class=\"elementor-element elementor-element-105a827 elementor-widget elementor-widget-spacer\" data-id=\"105a827\" data-element_type=\"widget\" data-widget_type=\"spacer.default\">\n\t\t\t\t<div class=\"elementor-widget-container\">\n\t\t\t\t\t<div class=\"elementor-spacer\">\n\t\t\t<div class=\"elementor-spacer-inner\"><\/div>\n\t\t<\/div>\n\t\t\t\t<\/div>\n\t\t\t\t<\/div>\n\t\t\t\t\t<\/div>\n\t\t<\/div>\n\t\t\t\t\t\t\t<\/div>\n\t\t<\/section>\n\t\t\t\t<section class=\"elementor-section elementor-top-section elementor-element elementor-element-162b59b1 elementor-section-boxed elementor-section-height-default elementor-section-height-default\" data-id=\"162b59b1\" data-element_type=\"section\" data-settings=\"{&quot;background_background&quot;:&quot;classic&quot;}\">\n\t\t\t\t\t\t\t<div class=\"elementor-background-overlay\"><\/div>\n\t\t\t\t\t\t\t<div class=\"elementor-container elementor-column-gap-default\">\n\t\t\t\t\t<div class=\"elementor-column elementor-col-100 elementor-top-column elementor-element elementor-element-43b3f06d\" data-id=\"43b3f06d\" data-element_type=\"column\" data-settings=\"{&quot;background_background&quot;:&quot;classic&quot;}\">\n\t\t\t<div class=\"elementor-widget-wrap elementor-element-populated\">\n\t\t\t\t\t<div class=\"elementor-background-overlay\"><\/div>\n\t\t\t\t\t\t\t\t<div class=\"elementor-element elementor-element-7e4eb2d1 animated-slow elementor-widget elementor-widget-text-editor\" data-id=\"7e4eb2d1\" data-element_type=\"widget\" data-settings=\"{&quot;_animation&quot;:&quot;none&quot;,&quot;_animation_delay&quot;:0}\" data-widget_type=\"text-editor.default\">\n\t\t\t\t<div class=\"elementor-widget-container\">\n\t\t\t\t\t\t\t<p>Ab 20. M\u00e4rz 2022  wurden die strengeren Schutzma\u00dfnahmen  in Deutschland weitgehend beendet.<\/p>\t\t\t\t\t\t<\/div>\n\t\t\t\t<\/div>\n\t\t\t\t<div class=\"elementor-element elementor-element-41325a8f elementor-invisible elementor-widget elementor-widget-text-editor\" data-id=\"41325a8f\" data-element_type=\"widget\" data-settings=\"{&quot;_animation&quot;:&quot;zoomIn&quot;}\" data-widget_type=\"text-editor.default\">\n\t\t\t\t<div class=\"elementor-widget-container\">\n\t\t\t\t\t\t\t<p>Zur\u00fcck in die Normalit\u00e4t!<\/p>\t\t\t\t\t\t<\/div>\n\t\t\t\t<\/div>\n\t\t\t\t<div class=\"elementor-element elementor-element-b614b2d elementor-widget elementor-widget-text-editor\" data-id=\"b614b2d\" data-element_type=\"widget\" data-widget_type=\"text-editor.default\">\n\t\t\t\t<div class=\"elementor-widget-container\">\n\t\t\t\t\t\t\t<p>Die Corona-Regeln werden k\u00fcnftig weitgehend wegfallen. Ein Basis-Schutz wie die Maskenpflicht, etwa in Krankenh\u00e4usern, Pflegeeinrichtungen oder im \u00f6ffentlichen Nahverkehr kann aber bestehen bleiben. Gleichzeitig sollen strengere lokal begrenzte Regelungen gelten, wenn es die Infektionslage dort erfordert und das jeweilige Landesparlament dies beschlie\u00dft.\u00a0<\/p>\t\t\t\t\t\t<\/div>\n\t\t\t\t<\/div>\n\t\t\t\t<div class=\"elementor-element elementor-element-3453ca7 elementor-align-center elementor-widget elementor-widget-button\" data-id=\"3453ca7\" data-element_type=\"widget\" data-settings=\"{&quot;_animation&quot;:&quot;none&quot;}\" data-widget_type=\"button.default\">\n\t\t\t\t<div class=\"elementor-widget-container\">\n\t\t\t\t\t<div class=\"elementor-button-wrapper\">\n\t\t\t<a href=\"https:\/\/covid-19-bilgi.de\/tr\/#kurallar\" target=\"_blank\" class=\"elementor-button-link elementor-button elementor-size-md elementor-animation-grow\" role=\"button\" id=\"eyadet\">\n\t\t\t\t\t\t<span class=\"elementor-button-content-wrapper\">\n\t\t\t\t\t\t<span class=\"elementor-button-text\">Bitte beachten Sie konkreten Bestimmungen in Ihrem Land<\/span>\n\t\t<\/span>\n\t\t\t\t\t<\/a>\n\t\t<\/div>\n\t\t\t\t<\/div>\n\t\t\t\t<\/div>\n\t\t\t\t\t<\/div>\n\t\t<\/div>\n\t\t\t\t\t\t\t<\/div>\n\t\t<\/section>\n\t\t\t\t<section class=\"elementor-section elementor-top-section elementor-element elementor-element-db53f32 elementor-section-boxed elementor-section-height-default elementor-section-height-default\" data-id=\"db53f32\" data-element_type=\"section\">\n\t\t\t\t\t\t<div class=\"elementor-container elementor-column-gap-default\">\n\t\t\t\t\t<div class=\"elementor-column elementor-col-100 elementor-top-column elementor-element elementor-element-cfa13eb\" data-id=\"cfa13eb\" data-element_type=\"column\">\n\t\t\t<div class=\"elementor-widget-wrap elementor-element-populated\">\n\t\t\t\t\t\t\t\t<div class=\"elementor-element elementor-element-7d0577a elementor-widget elementor-widget-heading\" data-id=\"7d0577a\" data-element_type=\"widget\" data-widget_type=\"heading.default\">\n\t\t\t\t<div class=\"elementor-widget-container\">\n\t\t\t<h2 class=\"elementor-heading-title elementor-size-default\">Nationale Impfkampagne<\/h2>\t\t<\/div>\n\t\t\t\t<\/div>\n\t\t\t\t<div class=\"elementor-element elementor-element-92e1c4d elementor-widget elementor-widget-text-editor\" data-id=\"92e1c4d\" data-element_type=\"widget\" data-widget_type=\"text-editor.default\">\n\t\t\t\t<div class=\"elementor-widget-container\">\n\t\t\t\t\t\t\t<p>Aktueller Impfstatus<\/p>\t\t\t\t\t\t<\/div>\n\t\t\t\t<\/div>\n\t\t\t\t<div class=\"elementor-element elementor-element-685f216 elementor-widget elementor-widget-text-editor\" data-id=\"685f216\" data-element_type=\"widget\" data-widget_type=\"text-editor.default\">\n\t\t\t\t<div class=\"elementor-widget-container\">\n\t\t\t\t\t\t\t<p>Bis zum \u00a0<strong>11.04.2022 <\/strong>wurden in Deutschland <strong>172,4<\/strong><strong> Mio.<\/strong> Impf\u00addosen verabreicht.<\/p>\t\t\t\t\t\t<\/div>\n\t\t\t\t<\/div>\n\t\t\t\t\t<\/div>\n\t\t<\/div>\n\t\t\t\t\t\t\t<\/div>\n\t\t<\/section>\n\t\t\t\t<section class=\"elementor-section elementor-top-section elementor-element elementor-element-1a7718f elementor-section-boxed elementor-section-height-default elementor-section-height-default\" data-id=\"1a7718f\" data-element_type=\"section\">\n\t\t\t\t\t\t<div class=\"elementor-container elementor-column-gap-default\">\n\t\t\t\t\t<div class=\"elementor-column elementor-col-25 elementor-top-column elementor-element elementor-element-49f6fd3\" data-id=\"49f6fd3\" data-element_type=\"column\">\n\t\t\t<div class=\"elementor-widget-wrap elementor-element-populated\">\n\t\t\t\t\t\t\t\t<div class=\"elementor-element elementor-element-6ec1311 elementor-widget elementor-widget-counter\" data-id=\"6ec1311\" data-element_type=\"widget\" data-widget_type=\"counter.default\">\n\t\t\t\t<div class=\"elementor-widget-container\">\n\t\t\t\t\t<div class=\"elementor-counter\">\n\t\t\t<div class=\"elementor-counter-number-wrapper\">\n\t\t\t\t<span class=\"elementor-counter-number-prefix\"><\/span>\n\t\t\t\t<span class=\"elementor-counter-number\" data-duration=\"2000\" data-to-value=\"49.1\" data-from-value=\"0\" data-delimiter=\",\">0<\/span>\n\t\t\t\t<span class=\"elementor-counter-number-suffix\"><\/span>\n\t\t\t<\/div>\n\t\t\t\t\t\t\t<div class=\"elementor-counter-title translation-block\">Mio. Menschen haben <br>eine  Auffrischungsimpfung erhalten.<\/div>\n\t\t\t\t\t<\/div>\n\t\t\t\t<\/div>\n\t\t\t\t<\/div>\n\t\t\t\t<div class=\"elementor-element elementor-element-872f792 elementor-widget elementor-widget-progress\" data-id=\"872f792\" data-element_type=\"widget\" data-widget_type=\"progress.default\">\n\t\t\t\t<div class=\"elementor-widget-container\">\n\t\t\t\n\t\t<div class=\"elementor-progress-wrapper progress-info\" role=\"progressbar\" aria-valuemin=\"0\" aria-valuemax=\"100\" aria-valuenow=\"59\" aria-valuetext=\"*\">\n\t\t\t<div class=\"elementor-progress-bar\" data-max=\"59\">\n\t\t\t\t<span class=\"elementor-progress-text\">*<\/span>\n\t\t\t\t\t\t\t\t\t<span class=\"elementor-progress-percentage\">59%<\/span>\n\t\t\t\t\t\t\t<\/div>\n\t\t<\/div>\n\t\t\t\t<\/div>\n\t\t\t\t<\/div>\n\t\t\t\t\t<\/div>\n\t\t<\/div>\n\t\t\t\t<div class=\"elementor-column elementor-col-25 elementor-top-column elementor-element elementor-element-35b0c6b\" data-id=\"35b0c6b\" data-element_type=\"column\">\n\t\t\t<div class=\"elementor-widget-wrap elementor-element-populated\">\n\t\t\t\t\t\t\t\t<div class=\"elementor-element elementor-element-befbb72 elementor-widget elementor-widget-counter\" data-id=\"befbb72\" data-element_type=\"widget\" data-widget_type=\"counter.default\">\n\t\t\t\t<div class=\"elementor-widget-container\">\n\t\t\t\t\t<div class=\"elementor-counter\">\n\t\t\t<div class=\"elementor-counter-number-wrapper\">\n\t\t\t\t<span class=\"elementor-counter-number-prefix\"><\/span>\n\t\t\t\t<span class=\"elementor-counter-number\" data-duration=\"2000\" data-to-value=\"63.3\" data-from-value=\"40\" data-delimiter=\",\">40<\/span>\n\t\t\t\t<span class=\"elementor-counter-number-suffix\"><\/span>\n\t\t\t<\/div>\n\t\t\t\t\t\t\t<div class=\"elementor-counter-title translation-block\">Mio. Menschen<br> sind\nbereits <br>vollst\u00e4ndig geimpft.<\/div>\n\t\t\t\t\t<\/div>\n\t\t\t\t<\/div>\n\t\t\t\t<\/div>\n\t\t\t\t<div class=\"elementor-element elementor-element-d29dd12 elementor-widget elementor-widget-progress\" data-id=\"d29dd12\" data-element_type=\"widget\" data-widget_type=\"progress.default\">\n\t\t\t\t<div class=\"elementor-widget-container\">\n\t\t\t\n\t\t<div class=\"elementor-progress-wrapper progress-info\" role=\"progressbar\" aria-valuemin=\"0\" aria-valuemax=\"100\" aria-valuenow=\"76.1\" aria-valuetext=\"*\">\n\t\t\t<div class=\"elementor-progress-bar\" data-max=\"76.1\">\n\t\t\t\t<span class=\"elementor-progress-text\">*<\/span>\n\t\t\t\t\t\t\t\t\t<span class=\"elementor-progress-percentage\">76.1%<\/span>\n\t\t\t\t\t\t\t<\/div>\n\t\t<\/div>\n\t\t\t\t<\/div>\n\t\t\t\t<\/div>\n\t\t\t\t\t<\/div>\n\t\t<\/div>\n\t\t\t\t<div class=\"elementor-column elementor-col-25 elementor-top-column elementor-element elementor-element-91094ff\" data-id=\"91094ff\" data-element_type=\"column\">\n\t\t\t<div class=\"elementor-widget-wrap elementor-element-populated\">\n\t\t\t\t\t\t\t\t<div class=\"elementor-element elementor-element-3b7420b elementor-widget elementor-widget-counter\" data-id=\"3b7420b\" data-element_type=\"widget\" data-widget_type=\"counter.default\">\n\t\t\t\t<div class=\"elementor-widget-container\">\n\t\t\t\t\t<div class=\"elementor-counter\">\n\t\t\t<div class=\"elementor-counter-number-wrapper\">\n\t\t\t\t<span class=\"elementor-counter-number-prefix\"><\/span>\n\t\t\t\t<span class=\"elementor-counter-number\" data-duration=\"2000\" data-to-value=\"63.7\" data-from-value=\"40\" data-delimiter=\",\">40<\/span>\n\t\t\t\t<span class=\"elementor-counter-number-suffix\"><\/span>\n\t\t\t<\/div>\n\t\t\t\t\t\t\t<div class=\"elementor-counter-title translation-block\">Mio. Menschen  haben <br>mindestens eine Impfdosis erhalten.<\/div>\n\t\t\t\t\t<\/div>\n\t\t\t\t<\/div>\n\t\t\t\t<\/div>\n\t\t\t\t<div class=\"elementor-element elementor-element-859b27b elementor-widget elementor-widget-progress\" data-id=\"859b27b\" data-element_type=\"widget\" data-widget_type=\"progress.default\">\n\t\t\t\t<div class=\"elementor-widget-container\">\n\t\t\t\n\t\t<div class=\"elementor-progress-wrapper\" role=\"progressbar\" aria-valuemin=\"0\" aria-valuemax=\"100\" aria-valuenow=\"76.6\" aria-valuetext=\"*\">\n\t\t\t<div class=\"elementor-progress-bar\" data-max=\"76.6\">\n\t\t\t\t<span class=\"elementor-progress-text\">*<\/span>\n\t\t\t\t\t\t\t\t\t<span class=\"elementor-progress-percentage\">76.6%<\/span>\n\t\t\t\t\t\t\t<\/div>\n\t\t<\/div>\n\t\t\t\t<\/div>\n\t\t\t\t<\/div>\n\t\t\t\t\t<\/div>\n\t\t<\/div>\n\t\t\t\t<div class=\"elementor-column elementor-col-25 elementor-top-column elementor-element elementor-element-339977f\" data-id=\"339977f\" data-element_type=\"column\">\n\t\t\t<div class=\"elementor-widget-wrap elementor-element-populated\">\n\t\t\t\t\t\t\t\t<div class=\"elementor-element elementor-element-c20c429 elementor-widget elementor-widget-counter\" data-id=\"c20c429\" data-element_type=\"widget\" data-widget_type=\"counter.default\">\n\t\t\t\t<div class=\"elementor-widget-container\">\n\t\t\t\t\t<div class=\"elementor-counter\">\n\t\t\t<div class=\"elementor-counter-number-wrapper\">\n\t\t\t\t<span class=\"elementor-counter-number-prefix\"><\/span>\n\t\t\t\t<span class=\"elementor-counter-number\" data-duration=\"2000\" data-to-value=\"19.5\" data-from-value=\"0\" data-delimiter=\",\">0<\/span>\n\t\t\t\t<span class=\"elementor-counter-number-suffix\"><\/span>\n\t\t\t<\/div>\n\t\t\t\t\t\t\t<div class=\"elementor-counter-title translation-block\">Mio. Menschen <br>sind aktuell <br>nicht geimpft.**<\/div>\n\t\t\t\t\t<\/div>\n\t\t\t\t<\/div>\n\t\t\t\t<\/div>\n\t\t\t\t<div class=\"elementor-element elementor-element-8e277a8 elementor-widget elementor-widget-progress\" data-id=\"8e277a8\" data-element_type=\"widget\" data-widget_type=\"progress.default\">\n\t\t\t\t<div class=\"elementor-widget-container\">\n\t\t\t\n\t\t<div class=\"elementor-progress-wrapper progress-info\" role=\"progressbar\" aria-valuemin=\"0\" aria-valuemax=\"100\" aria-valuenow=\"23.4\" aria-valuetext=\"*\">\n\t\t\t<div class=\"elementor-progress-bar\" data-max=\"23.4\">\n\t\t\t\t<span class=\"elementor-progress-text\">*<\/span>\n\t\t\t\t\t\t\t\t\t<span class=\"elementor-progress-percentage\">23.4%<\/span>\n\t\t\t\t\t\t\t<\/div>\n\t\t<\/div>\n\t\t\t\t<\/div>\n\t\t\t\t<\/div>\n\t\t\t\t\t<\/div>\n\t\t<\/div>\n\t\t\t\t\t\t\t<\/div>\n\t\t<\/section>\n\t\t\t\t<section class=\"elementor-section elementor-top-section elementor-element elementor-element-72e1087 elementor-section-boxed elementor-section-height-default elementor-section-height-default\" data-id=\"72e1087\" data-element_type=\"section\">\n\t\t\t\t\t\t<div class=\"elementor-container elementor-column-gap-default\">\n\t\t\t\t\t<div class=\"elementor-column elementor-col-100 elementor-top-column elementor-element elementor-element-16c7fb2\" data-id=\"16c7fb2\" data-element_type=\"column\">\n\t\t\t<div class=\"elementor-widget-wrap elementor-element-populated\">\n\t\t\t\t\t\t\t\t<div class=\"elementor-element elementor-element-94acc19 elementor-widget elementor-widget-text-editor\" data-id=\"94acc19\" data-element_type=\"widget\" data-widget_type=\"text-editor.default\">\n\t\t\t\t<div class=\"elementor-widget-container\">\n\t\t\t\t\t\t\t<p>*Prozentualer Bev\u00f6lkerungsanteil. **F\u00fcr 4,0 Mio. dieser Menschen im Alter von 0 bis 4 Jahren (4,8\u200a%) steht bisher kein zugelassener Impfstoff zur Verf\u00fcgung.<\/p>\t\t\t\t\t\t<\/div>\n\t\t\t\t<\/div>\n\t\t\t\t\t<\/div>\n\t\t<\/div>\n\t\t\t\t\t\t\t<\/div>\n\t\t<\/section>\n\t\t\t\t<section class=\"elementor-section elementor-top-section elementor-element elementor-element-8b70abe elementor-section-boxed elementor-section-height-default elementor-section-height-default\" data-id=\"8b70abe\" data-element_type=\"section\">\n\t\t\t\t\t\t<div class=\"elementor-container elementor-column-gap-default\">\n\t\t\t\t\t<div class=\"elementor-column elementor-col-100 elementor-top-column elementor-element elementor-element-67c21e8\" data-id=\"67c21e8\" data-element_type=\"column\">\n\t\t\t<div class=\"elementor-widget-wrap elementor-element-populated\">\n\t\t\t\t\t\t\t\t<div class=\"elementor-element elementor-element-eb2ddab elementor-align-center elementor-widget elementor-widget-button\" data-id=\"eb2ddab\" data-element_type=\"widget\" data-settings=\"{&quot;_animation&quot;:&quot;none&quot;}\" data-widget_type=\"button.default\">\n\t\t\t\t<div class=\"elementor-widget-container\">\n\t\t\t\t\t<div class=\"elementor-button-wrapper\">\n\t\t\t<a href=\"https:\/\/impfdashboard.de\" target=\"_blank\" class=\"elementor-button-link elementor-button elementor-size-sm elementor-animation-grow\" role=\"button\">\n\t\t\t\t\t\t<span class=\"elementor-button-content-wrapper\">\n\t\t\t\t\t\t<span class=\"elementor-button-text\">Covid-19 Impfdashboard<\/span>\n\t\t<\/span>\n\t\t\t\t\t<\/a>\n\t\t<\/div>\n\t\t\t\t<\/div>\n\t\t\t\t<\/div>\n\t\t\t\t<div class=\"elementor-element elementor-element-8685d84 elementor-widget elementor-widget-text-editor\" data-id=\"8685d84\" data-element_type=\"widget\" data-widget_type=\"text-editor.default\">\n\t\t\t\t<div class=\"elementor-widget-container\">\n\t\t\t\t\t\t\t<p>Stand:<em> 12.04.2022<\/em> (Impfungen)<br \/>Quelle: impfdashboard.de, RKI, BMG.<\/p>\t\t\t\t\t\t<\/div>\n\t\t\t\t<\/div>\n\t\t\t\t<div class=\"elementor-element elementor-element-cd33038 elementor-widget elementor-widget-menu-anchor\" data-id=\"cd33038\" data-element_type=\"widget\" data-widget_type=\"menu-anchor.default\">\n\t\t\t\t<div class=\"elementor-widget-container\">\n\t\t\t\t\t<div id=\"arztpraxen\" class=\"elementor-menu-anchor\"><\/div>\n\t\t\t\t<\/div>\n\t\t\t\t<\/div>\n\t\t\t\t\t<\/div>\n\t\t<\/div>\n\t\t\t\t\t\t\t<\/div>\n\t\t<\/section>\n\t\t\t\t<section class=\"elementor-section elementor-top-section elementor-element elementor-element-29720911 elementor-section-boxed elementor-section-height-default elementor-section-height-default\" data-id=\"29720911\" data-element_type=\"section\" data-settings=\"{&quot;background_background&quot;:&quot;classic&quot;}\">\n\t\t\t\t\t\t\t<div class=\"elementor-background-overlay\"><\/div>\n\t\t\t\t\t\t\t<div class=\"elementor-container elementor-column-gap-default\">\n\t\t\t\t\t<div class=\"elementor-column elementor-col-100 elementor-top-column elementor-element elementor-element-5c45b06\" data-id=\"5c45b06\" data-element_type=\"column\" data-settings=\"{&quot;background_background&quot;:&quot;classic&quot;}\">\n\t\t\t<div class=\"elementor-widget-wrap elementor-element-populated\">\n\t\t\t\t\t<div class=\"elementor-background-overlay\"><\/div>\n\t\t\t\t\t\t\t\t<div class=\"elementor-element elementor-element-852df22 elementor-widget elementor-widget-text-editor\" data-id=\"852df22\" data-element_type=\"widget\" data-widget_type=\"text-editor.default\">\n\t\t\t\t<div class=\"elementor-widget-container\">\n\t\t\t\t\t\t\tImpfung bricht Fasten nicht!\n\t\t\t\t\t\t<\/div>\n\t\t\t\t<\/div>\n\t\t\t\t<div class=\"elementor-element elementor-element-aaaba7a elementor-headline--style-highlight elementor-widget elementor-widget-animated-headline\" data-id=\"aaaba7a\" data-element_type=\"widget\" data-settings=\"{&quot;highlighted_text&quot;:&quot;A\\u015f\\u0131n\\u0131z\\u0131 Olun!&quot;,&quot;highlight_iteration_delay&quot;:4000,&quot;headline_style&quot;:&quot;highlight&quot;,&quot;marker&quot;:&quot;circle&quot;,&quot;loop&quot;:&quot;yes&quot;,&quot;highlight_animation_duration&quot;:1200}\" data-widget_type=\"animated-headline.default\">\n\t\t\t\t<div class=\"elementor-widget-container\">\n\t\t\t\t\t<h1 class=\"elementor-headline\">\n\t\t\t\t<span class=\"elementor-headline-dynamic-wrapper elementor-headline-text-wrapper\">\n\t\t\t\t\t<span class=\"elementor-headline-dynamic-text elementor-headline-text-active\">Lassen Sie sich impfen!<\/span>\n\t\t\t\t<\/span>\n\t\t\t\t<\/h1>\n\t\t\t\t<\/div>\n\t\t\t\t<\/div>\n\t\t\t\t<div class=\"elementor-element elementor-element-8cd6840 elementor-widget elementor-widget-text-editor\" data-id=\"8cd6840\" data-element_type=\"widget\" data-widget_type=\"text-editor.default\">\n\t\t\t\t<div class=\"elementor-widget-container\">\n\t\t\t\t\t\t\t<p>Denken Sie an die Vervollst\u00e4ndigung Ihrer Impfungen!<\/p>\t\t\t\t\t\t<\/div>\n\t\t\t\t<\/div>\n\t\t\t\t<div class=\"elementor-element elementor-element-2812280 elementor-widget elementor-widget-text-editor\" data-id=\"2812280\" data-element_type=\"widget\" data-widget_type=\"text-editor.default\">\n\t\t\t\t<div class=\"elementor-widget-container\">\n\t\t\t\t\t\t\t<p>Die Erkl\u00e4rung des Pr\u00e4sidiums f\u00fcr religi\u00f6se Angelegenheiten und des Hohen Rates f\u00fcr religi\u00f6se Angelegenheiten: Das Fasten wird durch Essen, Trinken, Geschlechtsverkehr und die Dinge, die in diesen Bereich fallen, gebrochen. Aus diesem Grund brechen Impfstoffe ohne N\u00e4hrwert das Fasten nicht.<\/p>\t\t\t\t\t\t<\/div>\n\t\t\t\t<\/div>\n\t\t\t\t<div class=\"elementor-element elementor-element-82e9aa5 elementor-widget elementor-widget-text-editor\" data-id=\"82e9aa5\" data-element_type=\"widget\" data-widget_type=\"text-editor.default\">\n\t\t\t\t<div class=\"elementor-widget-container\">\n\t\t\t\t\t\t\t<p>Sofort Terminvereinbaren!*<\/p>\t\t\t\t\t\t<\/div>\n\t\t\t\t<\/div>\n\t\t\t\t\t<\/div>\n\t\t<\/div>\n\t\t\t\t\t\t\t<\/div>\n\t\t<\/section>\n\t\t\t\t<section class=\"elementor-section elementor-top-section elementor-element elementor-element-ba0f5e8 elementor-section-boxed elementor-section-height-default elementor-section-height-default\" data-id=\"ba0f5e8\" data-element_type=\"section\">\n\t\t\t\t\t\t<div class=\"elementor-container elementor-column-gap-default\">\n\t\t\t\t\t<div class=\"elementor-column elementor-col-100 elementor-top-column elementor-element elementor-element-d96c15d\" data-id=\"d96c15d\" data-element_type=\"column\">\n\t\t\t<div class=\"elementor-widget-wrap elementor-element-populated\">\n\t\t\t\t\t\t\t\t<div class=\"elementor-element elementor-element-a7b3a49 elementor-widget elementor-widget-menu-anchor\" data-id=\"a7b3a49\" data-element_type=\"widget\" data-widget_type=\"menu-anchor.default\">\n\t\t\t\t<div class=\"elementor-widget-container\">\n\t\t\t\t\t<div id=\"impfung\" class=\"elementor-menu-anchor\"><\/div>\n\t\t\t\t<\/div>\n\t\t\t\t<\/div>\n\t\t\t\t<div class=\"elementor-element elementor-element-892fa03 elementor-widget elementor-widget-text-editor\" data-id=\"892fa03\" data-element_type=\"widget\" data-widget_type=\"text-editor.default\">\n\t\t\t\t<div class=\"elementor-widget-container\">\n\t\t\t\t\t\t\t<p>* Ab sofort erhalten Sie die Corona-Schutzimpfung in Hausarzt- und Facharztpraxen.<\/p><p>Au\u00dferdem, Telefonisch, per Mail, online oder ganz ohne Anmeldung, schnell und unkompliziert \u2013 wo und wie Sie die Corona-Schutzimpfung erhalten k\u00f6nnen, unterscheidet sich je nach Bundesland und Region.<\/p>\t\t\t\t\t\t<\/div>\n\t\t\t\t<\/div>\n\t\t\t\t<div class=\"elementor-element elementor-element-6b71e99 elementor-widget elementor-widget-text-editor\" data-id=\"6b71e99\" data-element_type=\"widget\" data-widget_type=\"text-editor.default\">\n\t\t\t\t<div class=\"elementor-widget-container\">\n\t\t\t\t\t\t\t<p>Hier finden Sie alle wichtigen Informationen zur Corona-Schutzimpfung, Telefonnummern sowie dauerhafte und mobile Impfangebote nach Bundesland sortiert.<\/p>\t\t\t\t\t\t<\/div>\n\t\t\t\t<\/div>\n\t\t\t\t\t<\/div>\n\t\t<\/div>\n\t\t\t\t\t\t\t<\/div>\n\t\t<\/section>\n\t\t\t\t<section class=\"elementor-section elementor-top-section elementor-element elementor-element-78e444b elementor-section-boxed elementor-section-height-default elementor-section-height-default\" data-id=\"78e444b\" data-element_type=\"section\">\n\t\t\t\t\t\t<div class=\"elementor-container elementor-column-gap-default\">\n\t\t\t\t\t<div class=\"elementor-column elementor-col-25 elementor-top-column elementor-element elementor-element-98ba8e7\" data-id=\"98ba8e7\" data-element_type=\"column\">\n\t\t\t<div class=\"elementor-widget-wrap elementor-element-populated\">\n\t\t\t\t\t\t\t\t<div class=\"elementor-element elementor-element-2b2ee1f elementor-icon-list--layout-traditional elementor-list-item-link-full_width elementor-widget elementor-widget-icon-list\" data-id=\"2b2ee1f\" data-element_type=\"widget\" data-widget_type=\"icon-list.default\">\n\t\t\t\t<div class=\"elementor-widget-container\">\n\t\t\t\t\t<ul class=\"elementor-icon-list-items\">\n\t\t\t\t\t\t\t<li class=\"elementor-icon-list-item\">\n\t\t\t\t\t\t\t\t\t\t\t<a href=\"https:\/\/www.dranbleiben-bw.de\/tr\/\" target=\"_blank\">\n\n\t\t\t\t\t\t\t\t\t\t\t\t<span class=\"elementor-icon-list-icon\">\n\t\t\t\t\t\t\t<i aria-hidden=\"true\" class=\"fas fa-external-link-alt\"><\/i>\t\t\t\t\t\t<\/span>\n\t\t\t\t\t\t\t\t\t\t<span class=\"elementor-icon-list-text\">Baden-W\u00fcrttemberg <span style=\"font-size: 10pt;\">(T\u00fcrk\u00e7e)<\/span><\/span>\n\t\t\t\t\t\t\t\t\t\t\t<\/a>\n\t\t\t\t\t\t\t\t\t<\/li>\n\t\t\t\t\t\t\t\t<li class=\"elementor-icon-list-item\">\n\t\t\t\t\t\t\t\t\t\t\t<a href=\"https:\/\/www.stmgp.bayern.de\/coronavirus\/impfung\" target=\"_blank\">\n\n\t\t\t\t\t\t\t\t\t\t\t\t<span class=\"elementor-icon-list-icon\">\n\t\t\t\t\t\t\t<i aria-hidden=\"true\" class=\"fas fa-external-link-alt\"><\/i>\t\t\t\t\t\t<\/span>\n\t\t\t\t\t\t\t\t\t\t<span class=\"elementor-icon-list-text\">Bayern<\/span>\n\t\t\t\t\t\t\t\t\t\t\t<\/a>\n\t\t\t\t\t\t\t\t\t<\/li>\n\t\t\t\t\t\t\t\t<li class=\"elementor-icon-list-item\">\n\t\t\t\t\t\t\t\t\t\t\t<a href=\"https:\/\/www.berlin.de\/corona\/tr\/asilama\/\" target=\"_blank\">\n\n\t\t\t\t\t\t\t\t\t\t\t\t<span class=\"elementor-icon-list-icon\">\n\t\t\t\t\t\t\t<i aria-hidden=\"true\" class=\"fas fa-external-link-alt\"><\/i>\t\t\t\t\t\t<\/span>\n\t\t\t\t\t\t\t\t\t\t<span class=\"elementor-icon-list-text\">Berlin <span style=\"font-size: 10pt;\">(T\u00fcrk\u00e7e)<\/span><\/span>\n\t\t\t\t\t\t\t\t\t\t\t<\/a>\n\t\t\t\t\t\t\t\t\t<\/li>\n\t\t\t\t\t\t\t\t<li class=\"elementor-icon-list-item\">\n\t\t\t\t\t\t\t\t\t\t\t<a href=\"https:\/\/brandenburg-impft.de\/bb-impft\/de\/\" target=\"_blank\">\n\n\t\t\t\t\t\t\t\t\t\t\t\t<span class=\"elementor-icon-list-icon\">\n\t\t\t\t\t\t\t<i aria-hidden=\"true\" class=\"fas fa-external-link-alt\"><\/i>\t\t\t\t\t\t<\/span>\n\t\t\t\t\t\t\t\t\t\t<span class=\"elementor-icon-list-text\">Brandenburg<\/span>\n\t\t\t\t\t\t\t\t\t\t\t<\/a>\n\t\t\t\t\t\t\t\t\t<\/li>\n\t\t\t\t\t\t<\/ul>\n\t\t\t\t<\/div>\n\t\t\t\t<\/div>\n\t\t\t\t\t<\/div>\n\t\t<\/div>\n\t\t\t\t<div class=\"elementor-column elementor-col-25 elementor-top-column elementor-element elementor-element-550d9e9\" data-id=\"550d9e9\" data-element_type=\"column\">\n\t\t\t<div class=\"elementor-widget-wrap elementor-element-populated\">\n\t\t\t\t\t\t\t\t<div class=\"elementor-element elementor-element-6283d10 elementor-icon-list--layout-traditional elementor-list-item-link-full_width elementor-widget elementor-widget-icon-list\" data-id=\"6283d10\" data-element_type=\"widget\" data-widget_type=\"icon-list.default\">\n\t\t\t\t<div class=\"elementor-widget-container\">\n\t\t\t\t\t<ul class=\"elementor-icon-list-items\">\n\t\t\t\t\t\t\t<li class=\"elementor-icon-list-item\">\n\t\t\t\t\t\t\t\t\t\t\t<a href=\"https:\/\/www.bremen.de\/corona\/gegen-corona-impfen\" target=\"_blank\">\n\n\t\t\t\t\t\t\t\t\t\t\t\t<span class=\"elementor-icon-list-icon\">\n\t\t\t\t\t\t\t<i aria-hidden=\"true\" class=\"fas fa-external-link-alt\"><\/i>\t\t\t\t\t\t<\/span>\n\t\t\t\t\t\t\t\t\t\t<span class=\"elementor-icon-list-text\">Bremen<\/span>\n\t\t\t\t\t\t\t\t\t\t\t<\/a>\n\t\t\t\t\t\t\t\t\t<\/li>\n\t\t\t\t\t\t\t\t<li class=\"elementor-icon-list-item\">\n\t\t\t\t\t\t\t\t\t\t\t<a href=\"https:\/\/www.hamburg.de\/faq-schutzimpfung-tuerkisch\/\" target=\"_blank\">\n\n\t\t\t\t\t\t\t\t\t\t\t\t<span class=\"elementor-icon-list-icon\">\n\t\t\t\t\t\t\t<i aria-hidden=\"true\" class=\"fas fa-external-link-alt\"><\/i>\t\t\t\t\t\t<\/span>\n\t\t\t\t\t\t\t\t\t\t<span class=\"elementor-icon-list-text\">Hamburg <span style=\"font-size: 10pt;\">(T\u00fcrk\u00e7e)<\/span><\/span>\n\t\t\t\t\t\t\t\t\t\t\t<\/a>\n\t\t\t\t\t\t\t\t\t<\/li>\n\t\t\t\t\t\t\t\t<li class=\"elementor-icon-list-item\">\n\t\t\t\t\t\t\t\t\t\t\t<a href=\"https:\/\/soziales.hessen.de\/Corona\/Coronaimpfung\" target=\"_blank\">\n\n\t\t\t\t\t\t\t\t\t\t\t\t<span class=\"elementor-icon-list-icon\">\n\t\t\t\t\t\t\t<i aria-hidden=\"true\" class=\"fas fa-external-link-alt\"><\/i>\t\t\t\t\t\t<\/span>\n\t\t\t\t\t\t\t\t\t\t<span class=\"elementor-icon-list-text\">Hessen<\/span>\n\t\t\t\t\t\t\t\t\t\t\t<\/a>\n\t\t\t\t\t\t\t\t\t<\/li>\n\t\t\t\t\t\t\t\t<li class=\"elementor-icon-list-item\">\n\t\t\t\t\t\t\t\t\t\t\t<a href=\"https:\/\/www.lagus.mv-regierung.de\/Gesundheit\/InfektionsschutzPraevention\/Impfen-Corona-Pandemie\" target=\"_blank\">\n\n\t\t\t\t\t\t\t\t\t\t\t\t<span class=\"elementor-icon-list-icon\">\n\t\t\t\t\t\t\t<i aria-hidden=\"true\" class=\"fas fa-external-link-alt\"><\/i>\t\t\t\t\t\t<\/span>\n\t\t\t\t\t\t\t\t\t\t<span class=\"elementor-icon-list-text\">Mecklenburg-Vorpommern<\/span>\n\t\t\t\t\t\t\t\t\t\t\t<\/a>\n\t\t\t\t\t\t\t\t\t<\/li>\n\t\t\t\t\t\t<\/ul>\n\t\t\t\t<\/div>\n\t\t\t\t<\/div>\n\t\t\t\t\t<\/div>\n\t\t<\/div>\n\t\t\t\t<div class=\"elementor-column elementor-col-25 elementor-top-column elementor-element elementor-element-f1c4850\" data-id=\"f1c4850\" data-element_type=\"column\">\n\t\t\t<div class=\"elementor-widget-wrap elementor-element-populated\">\n\t\t\t\t\t\t\t\t<div class=\"elementor-element elementor-element-194e1f0 elementor-icon-list--layout-traditional elementor-list-item-link-full_width elementor-widget elementor-widget-icon-list\" data-id=\"194e1f0\" data-element_type=\"widget\" data-widget_type=\"icon-list.default\">\n\t\t\t\t<div class=\"elementor-widget-container\">\n\t\t\t\t\t<ul class=\"elementor-icon-list-items\">\n\t\t\t\t\t\t\t<li class=\"elementor-icon-list-item\">\n\t\t\t\t\t\t\t\t\t\t\t<a href=\"https:\/\/impfen-schuetzen-testen.de\/tr\/\" target=\"_blank\">\n\n\t\t\t\t\t\t\t\t\t\t\t\t<span class=\"elementor-icon-list-icon\">\n\t\t\t\t\t\t\t<i aria-hidden=\"true\" class=\"fas fa-external-link-alt\"><\/i>\t\t\t\t\t\t<\/span>\n\t\t\t\t\t\t\t\t\t\t<span class=\"elementor-icon-list-text\">Niedersachsen  <span style=\"font-size: 10pt;\">(T\u00fcrk\u00e7e)<\/span><\/span>\n\t\t\t\t\t\t\t\t\t\t\t<\/a>\n\t\t\t\t\t\t\t\t\t<\/li>\n\t\t\t\t\t\t\t\t<li class=\"elementor-icon-list-item\">\n\t\t\t\t\t\t\t\t\t\t\t<a href=\"https:\/\/www.mags.nrw\/coronavirus-schutzimpfung\" target=\"_blank\">\n\n\t\t\t\t\t\t\t\t\t\t\t\t<span class=\"elementor-icon-list-icon\">\n\t\t\t\t\t\t\t<i aria-hidden=\"true\" class=\"fas fa-external-link-alt\"><\/i>\t\t\t\t\t\t<\/span>\n\t\t\t\t\t\t\t\t\t\t<span class=\"elementor-icon-list-text\">Nordrhein-Westfalen<\/span>\n\t\t\t\t\t\t\t\t\t\t\t<\/a>\n\t\t\t\t\t\t\t\t\t<\/li>\n\t\t\t\t\t\t\t\t<li class=\"elementor-icon-list-item\">\n\t\t\t\t\t\t\t\t\t\t\t<a href=\"https:\/\/corona.rlp.de\/de\/impfen\/informationen-zur-corona-impfung-in-rheinland-pfalz\/\" target=\"_blank\">\n\n\t\t\t\t\t\t\t\t\t\t\t\t<span class=\"elementor-icon-list-icon\">\n\t\t\t\t\t\t\t<i aria-hidden=\"true\" class=\"fas fa-external-link-alt\"><\/i>\t\t\t\t\t\t<\/span>\n\t\t\t\t\t\t\t\t\t\t<span class=\"elementor-icon-list-text\">Rheinland-Pfalz<\/span>\n\t\t\t\t\t\t\t\t\t\t\t<\/a>\n\t\t\t\t\t\t\t\t\t<\/li>\n\t\t\t\t\t\t\t\t<li class=\"elementor-icon-list-item\">\n\t\t\t\t\t\t\t\t\t\t\t<a href=\"https:\/\/www.saarland.de\/DE\/portale\/corona\/impfung\/impfung_node.html\" target=\"_blank\">\n\n\t\t\t\t\t\t\t\t\t\t\t\t<span class=\"elementor-icon-list-icon\">\n\t\t\t\t\t\t\t<i aria-hidden=\"true\" class=\"fas fa-external-link-alt\"><\/i>\t\t\t\t\t\t<\/span>\n\t\t\t\t\t\t\t\t\t\t<span class=\"elementor-icon-list-text\">Saarland<\/span>\n\t\t\t\t\t\t\t\t\t\t\t<\/a>\n\t\t\t\t\t\t\t\t\t<\/li>\n\t\t\t\t\t\t<\/ul>\n\t\t\t\t<\/div>\n\t\t\t\t<\/div>\n\t\t\t\t\t<\/div>\n\t\t<\/div>\n\t\t\t\t<div class=\"elementor-column elementor-col-25 elementor-top-column elementor-element elementor-element-bf7fa24\" data-id=\"bf7fa24\" data-element_type=\"column\">\n\t\t\t<div class=\"elementor-widget-wrap elementor-element-populated\">\n\t\t\t\t\t\t\t\t<div class=\"elementor-element elementor-element-6e7c9d0 elementor-icon-list--layout-traditional elementor-list-item-link-full_width elementor-widget elementor-widget-icon-list\" data-id=\"6e7c9d0\" data-element_type=\"widget\" data-widget_type=\"icon-list.default\">\n\t\t\t\t<div class=\"elementor-widget-container\">\n\t\t\t\t\t<ul class=\"elementor-icon-list-items\">\n\t\t\t\t\t\t\t<li class=\"elementor-icon-list-item\">\n\t\t\t\t\t\t\t\t\t\t\t<a href=\"https:\/\/www.coronavirus.sachsen.de\/coronaschutzimpfung.html\" target=\"_blank\">\n\n\t\t\t\t\t\t\t\t\t\t\t\t<span class=\"elementor-icon-list-icon\">\n\t\t\t\t\t\t\t<i aria-hidden=\"true\" class=\"fas fa-external-link-alt\"><\/i>\t\t\t\t\t\t<\/span>\n\t\t\t\t\t\t\t\t\t\t<span class=\"elementor-icon-list-text\">Sachsen<\/span>\n\t\t\t\t\t\t\t\t\t\t\t<\/a>\n\t\t\t\t\t\t\t\t\t<\/li>\n\t\t\t\t\t\t\t\t<li class=\"elementor-icon-list-item\">\n\t\t\t\t\t\t\t\t\t\t\t<a href=\"https:\/\/ms.sachsen-anhalt.de\/themen\/gesundheit\/aktuell\/coronavirus\/coronavirus-impfen\/\" target=\"_blank\">\n\n\t\t\t\t\t\t\t\t\t\t\t\t<span class=\"elementor-icon-list-icon\">\n\t\t\t\t\t\t\t<i aria-hidden=\"true\" class=\"fas fa-external-link-alt\"><\/i>\t\t\t\t\t\t<\/span>\n\t\t\t\t\t\t\t\t\t\t<span class=\"elementor-icon-list-text\">Sachsen-Anhalt<\/span>\n\t\t\t\t\t\t\t\t\t\t\t<\/a>\n\t\t\t\t\t\t\t\t\t<\/li>\n\t\t\t\t\t\t\t\t<li class=\"elementor-icon-list-item\">\n\t\t\t\t\t\t\t\t\t\t\t<a href=\"https:\/\/www.impfen-sh.de\/sh\/start\" target=\"_blank\">\n\n\t\t\t\t\t\t\t\t\t\t\t\t<span class=\"elementor-icon-list-icon\">\n\t\t\t\t\t\t\t<i aria-hidden=\"true\" class=\"fas fa-external-link-alt\"><\/i>\t\t\t\t\t\t<\/span>\n\t\t\t\t\t\t\t\t\t\t<span class=\"elementor-icon-list-text\">Schleswig-Holstein<\/span>\n\t\t\t\t\t\t\t\t\t\t\t<\/a>\n\t\t\t\t\t\t\t\t\t<\/li>\n\t\t\t\t\t\t\t\t<li class=\"elementor-icon-list-item\">\n\t\t\t\t\t\t\t\t\t\t\t<a href=\"https:\/\/www.impfen-thueringen.de\/\" target=\"_blank\">\n\n\t\t\t\t\t\t\t\t\t\t\t\t<span class=\"elementor-icon-list-icon\">\n\t\t\t\t\t\t\t<i aria-hidden=\"true\" class=\"fas fa-external-link-alt\"><\/i>\t\t\t\t\t\t<\/span>\n\t\t\t\t\t\t\t\t\t\t<span class=\"elementor-icon-list-text\">Th\u00fcringen<\/span>\n\t\t\t\t\t\t\t\t\t\t\t<\/a>\n\t\t\t\t\t\t\t\t\t<\/li>\n\t\t\t\t\t\t<\/ul>\n\t\t\t\t<\/div>\n\t\t\t\t<\/div>\n\t\t\t\t\t<\/div>\n\t\t<\/div>\n\t\t\t\t\t\t\t<\/div>\n\t\t<\/section>\n\t\t\t\t<section class=\"elementor-section elementor-top-section elementor-element elementor-element-bd0b860 elementor-section-boxed elementor-section-height-default elementor-section-height-default\" data-id=\"bd0b860\" data-element_type=\"section\" data-settings=\"{&quot;background_background&quot;:&quot;classic&quot;}\">\n\t\t\t\t\t\t\t<div class=\"elementor-background-overlay\"><\/div>\n\t\t\t\t\t\t\t<div class=\"elementor-container elementor-column-gap-default\">\n\t\t\t\t\t<div class=\"elementor-column elementor-col-100 elementor-top-column elementor-element elementor-element-60d62af\" data-id=\"60d62af\" data-element_type=\"column\" data-settings=\"{&quot;background_background&quot;:&quot;classic&quot;}\">\n\t\t\t<div class=\"elementor-widget-wrap elementor-element-populated\">\n\t\t\t\t\t<div class=\"elementor-background-overlay\"><\/div>\n\t\t\t\t\t\t\t\t<div class=\"elementor-element elementor-element-e56301f animated-slow elementor-invisible elementor-widget elementor-widget-text-editor\" data-id=\"e56301f\" data-element_type=\"widget\" data-settings=\"{&quot;_animation&quot;:&quot;fadeInLeft&quot;,&quot;_animation_delay&quot;:0}\" data-widget_type=\"text-editor.default\">\n\t\t\t\t<div class=\"elementor-widget-container\">\n\t\t\t\t\t\t\t<p>Unter der bundesweiten kostenfreien t\u00fcrkischsprachigen Telefon-Hotline<\/p>\t\t\t\t\t\t<\/div>\n\t\t\t\t<\/div>\n\t\t\t\t<div class=\"elementor-element elementor-element-10d6ccf elementor-invisible elementor-widget elementor-widget-heading\" data-id=\"10d6ccf\" data-element_type=\"widget\" data-settings=\"{&quot;_animation&quot;:&quot;zoomIn&quot;}\" data-widget_type=\"heading.default\">\n\t\t\t\t<div class=\"elementor-widget-container\">\n\t\t\t<h2 class=\"elementor-heading-title elementor-size-default\">0800 0000 837<\/h2>\t\t<\/div>\n\t\t\t\t<\/div>\n\t\t\t\t<div class=\"elementor-element elementor-element-49f39fa animated-slow elementor-invisible elementor-widget elementor-widget-text-editor\" data-id=\"49f39fa\" data-element_type=\"widget\" data-settings=\"{&quot;_animation&quot;:&quot;fadeInLeft&quot;,&quot;_animation_delay&quot;:0}\" data-widget_type=\"text-editor.default\">\n\t\t\t\t<div class=\"elementor-widget-container\">\n\t\t\t\t\t\t\t<p>erhalten Sie  alle aktuellen Informationen zur Corona- Schutzimpfung.<\/p>\t\t\t\t\t\t<\/div>\n\t\t\t\t<\/div>\n\t\t\t\t\t<\/div>\n\t\t<\/div>\n\t\t\t\t\t\t\t<\/div>\n\t\t<\/section>\n\t\t\t\t<section class=\"elementor-section elementor-top-section elementor-element elementor-element-84b1568 elementor-section-boxed elementor-section-height-default elementor-section-height-default\" data-id=\"84b1568\" data-element_type=\"section\" data-settings=\"{&quot;background_background&quot;:&quot;classic&quot;}\">\n\t\t\t\t\t\t<div class=\"elementor-container elementor-column-gap-default\">\n\t\t\t\t\t<div class=\"elementor-column elementor-col-100 elementor-top-column elementor-element elementor-element-efa4787\" data-id=\"efa4787\" data-element_type=\"column\">\n\t\t\t<div class=\"elementor-widget-wrap elementor-element-populated\">\n\t\t\t\t\t\t\t\t<div class=\"elementor-element elementor-element-79de7b2 elementor-widget elementor-widget-heading\" data-id=\"79de7b2\" data-element_type=\"widget\" data-widget_type=\"heading.default\">\n\t\t\t\t<div class=\"elementor-widget-container\">\n\t\t\t<h3 class=\"elementor-heading-title elementor-size-default\">Warum ist es wichtig, sich gegen Corona impfen zu lassen? <\/h3>\t\t<\/div>\n\t\t\t\t<\/div>\n\t\t\t\t\t<\/div>\n\t\t<\/div>\n\t\t\t\t\t\t\t<\/div>\n\t\t<\/section>\n\t\t\t\t<section class=\"elementor-section elementor-top-section elementor-element elementor-element-8badbaa elementor-section-boxed elementor-section-height-default elementor-section-height-default\" data-id=\"8badbaa\" data-element_type=\"section\" data-settings=\"{&quot;background_background&quot;:&quot;classic&quot;}\">\n\t\t\t\t\t\t<div class=\"elementor-container elementor-column-gap-default\">\n\t\t\t\t\t<div class=\"elementor-column elementor-col-50 elementor-top-column elementor-element elementor-element-a68f10d\" data-id=\"a68f10d\" data-element_type=\"column\" data-settings=\"{&quot;background_background&quot;:&quot;classic&quot;}\">\n\t\t\t<div class=\"elementor-widget-wrap elementor-element-populated\">\n\t\t\t\t\t\t\t\t<div class=\"elementor-element elementor-element-58ef2cd elementor-widget elementor-widget-image\" data-id=\"58ef2cd\" data-element_type=\"widget\" data-widget_type=\"image.default\">\n\t\t\t\t<div class=\"elementor-widget-container\">\n\t\t\t\t\t\t\t\t\t\t\t\t\t\t\t\t<a href=\"https:\/\/www.bundesregierung.de\/breg-de\/mediathek\/informationen-impfung-tuerkisch-1924552\" target=\"_blank\">\n\t\t\t\t\t\t\t<img width=\"333\" height=\"189\" src=\"https:\/\/covid-19-bilgi.de\/wp-content\/uploads\/2021\/06\/impfen-video-333x189-1.jpg\" class=\"elementor-animation-grow attachment-full size-full\" alt=\"\" loading=\"lazy\" srcset=\"https:\/\/covid-19-bilgi.de\/wp-content\/uploads\/2021\/06\/impfen-video-333x189-1.jpg 333w, https:\/\/covid-19-bilgi.de\/wp-content\/uploads\/2021\/06\/impfen-video-333x189-1-300x170.jpg 300w, https:\/\/covid-19-bilgi.de\/wp-content\/uploads\/2021\/06\/impfen-video-333x189-1-16x9.jpg 16w\" sizes=\"(max-width: 333px) 100vw, 333px\" \/>\t\t\t\t\t\t\t\t<\/a>\n\t\t\t\t\t\t\t\t\t\t\t\t\t\t\t<\/div>\n\t\t\t\t<\/div>\n\t\t\t\t\t<\/div>\n\t\t<\/div>\n\t\t\t\t<div class=\"elementor-column elementor-col-50 elementor-top-column elementor-element elementor-element-6042758\" data-id=\"6042758\" data-element_type=\"column\">\n\t\t\t<div class=\"elementor-widget-wrap elementor-element-populated\">\n\t\t\t\t\t\t\t\t<div class=\"elementor-element elementor-element-ba465b5 elementor-widget elementor-widget-text-editor\" data-id=\"ba465b5\" data-element_type=\"widget\" data-widget_type=\"text-editor.default\">\n\t\t\t\t<div class=\"elementor-widget-container\">\n\t\t\t\t\t\t\t<p>\u201eLassen Sie sich impfen, damit wir gemeinsam der Pandemie ein Ende setzen!\u201c <\/p>\n<p class=\" translation-block\"><a href=\"https:\/\/www.bundesregierung.de\/breg-de\/mediathek\/informationen-impfung-tuerkisch-1924552\" target=\"_self\">Klinikum Darmstadt hastanesi hekimlerinden Dr. Cihan \u00c7elik a\u015f\u0131 randevusu alma \u00e7a\u011fr\u0131s\u0131nda bulunuyor<\/a>:&nbsp;\u201cA\u015f\u0131, vir\u00fcse kar\u015f\u0131 en b\u00fcy\u00fck kozumuzdur. Kendinizi gen\u00e7 de hissetseniz ailenizi ve sevdiklerinizi d\u00fc\u015f\u00fcn\u00fcn.\u201d<\/p>\t\t\t\t\t\t<\/div>\n\t\t\t\t<\/div>\n\t\t\t\t\t<\/div>\n\t\t<\/div>\n\t\t\t\t\t\t\t<\/div>\n\t\t<\/section>\n\t\t\t\t<section class=\"elementor-section elementor-top-section elementor-element elementor-element-cf6df2b elementor-section-boxed elementor-section-height-default elementor-section-height-default\" data-id=\"cf6df2b\" data-element_type=\"section\" data-settings=\"{&quot;background_background&quot;:&quot;classic&quot;}\">\n\t\t\t\t\t\t<div class=\"elementor-container elementor-column-gap-default\">\n\t\t\t\t\t<div class=\"elementor-column elementor-col-50 elementor-top-column elementor-element elementor-element-88f8b94\" data-id=\"88f8b94\" data-element_type=\"column\">\n\t\t\t<div class=\"elementor-widget-wrap elementor-element-populated\">\n\t\t\t\t\t\t\t\t<div class=\"elementor-element elementor-element-2b9a6f6 elementor-widget elementor-widget-text-editor\" data-id=\"2b9a6f6\" data-element_type=\"widget\" data-widget_type=\"text-editor.default\">\n\t\t\t\t<div class=\"elementor-widget-container\">\n\t\t\t\t\t\t\t<p>\"Wie sicher ist der Corona-Impfstoff?\"\n<\/p>\n<p class=\" translation-block\">\u201eDeshalb empfehlen wir Ihnen diesen Impfstoff!\u201c, sagte in einer Videobotschaft f\u00fcr t\u00fcrkischsprachige Menschen in Deutschland <a href=\"https:\/\/www.bundesregierung.de\/breg-de\/themen\/corona-informationen-impfung\/a\u015f\u0131-bilgisi-1924598\" target=\"_self\" rel=\"noopener\">Dr. Cihan \u00c7elik sagt, dass die Covid-Erkrankung viel riskanter sei als die m\u00f6glichen Nebenwirkungen des Impfstoffs.<\/a><\/p>\t\t\t\t\t\t<\/div>\n\t\t\t\t<\/div>\n\t\t\t\t\t<\/div>\n\t\t<\/div>\n\t\t\t\t<div class=\"elementor-column elementor-col-50 elementor-top-column elementor-element elementor-element-a69fd68\" data-id=\"a69fd68\" data-element_type=\"column\" data-settings=\"{&quot;background_background&quot;:&quot;classic&quot;}\">\n\t\t\t<div class=\"elementor-widget-wrap elementor-element-populated\">\n\t\t\t\t\t\t\t\t<div class=\"elementor-element elementor-element-7482331 elementor-widget elementor-widget-image\" data-id=\"7482331\" data-element_type=\"widget\" data-widget_type=\"image.default\">\n\t\t\t\t<div class=\"elementor-widget-container\">\n\t\t\t\t\t\t\t\t\t\t\t\t\t\t\t\t<a href=\"https:\/\/www.bundesregierung.de\/breg-de\/themen\/corona-informationen-impfung\/impfwissen-sicherheit-impfstoff-1924576\" target=\"_blank\">\n\t\t\t\t\t\t\t<img width=\"333\" height=\"189\" src=\"https:\/\/covid-19-bilgi.de\/wp-content\/uploads\/2022\/01\/drcc-video-333x189-1.jpg\" class=\"elementor-animation-grow attachment-full size-full\" alt=\"\" loading=\"lazy\" srcset=\"https:\/\/covid-19-bilgi.de\/wp-content\/uploads\/2022\/01\/drcc-video-333x189-1.jpg 333w, https:\/\/covid-19-bilgi.de\/wp-content\/uploads\/2022\/01\/drcc-video-333x189-1-300x170.jpg 300w, https:\/\/covid-19-bilgi.de\/wp-content\/uploads\/2022\/01\/drcc-video-333x189-1-16x9.jpg 16w\" sizes=\"(max-width: 333px) 100vw, 333px\" \/>\t\t\t\t\t\t\t\t<\/a>\n\t\t\t\t\t\t\t\t\t\t\t\t\t\t\t<\/div>\n\t\t\t\t<\/div>\n\t\t\t\t\t<\/div>\n\t\t<\/div>\n\t\t\t\t\t\t\t<\/div>\n\t\t<\/section>\n\t\t\t\t<section class=\"elementor-section elementor-top-section elementor-element elementor-element-5762ccd elementor-section-boxed elementor-section-height-default elementor-section-height-default\" data-id=\"5762ccd\" data-element_type=\"section\" data-settings=\"{&quot;background_background&quot;:&quot;classic&quot;}\">\n\t\t\t\t\t\t<div class=\"elementor-container elementor-column-gap-default\">\n\t\t\t\t\t<div class=\"elementor-column elementor-col-100 elementor-top-column elementor-element elementor-element-fc261c6\" data-id=\"fc261c6\" data-element_type=\"column\">\n\t\t\t<div class=\"elementor-widget-wrap elementor-element-populated\">\n\t\t\t\t\t\t\t\t<div class=\"elementor-element elementor-element-d275262 elementor-widget elementor-widget-heading\" data-id=\"d275262\" data-element_type=\"widget\" data-widget_type=\"heading.default\">\n\t\t\t\t<div class=\"elementor-widget-container\">\n\t\t\t<h3 class=\"elementor-heading-title elementor-size-default\">Die St\u00e4ndige Impfkommission (STIKO) empfiehlt die Corona-Schutzimpfung f\u00fcr Kinder und Jugendliche ab 5 Jahren. <\/h3>\t\t<\/div>\n\t\t\t\t<\/div>\n\t\t\t\t<div class=\"elementor-element elementor-element-34a13a8 elementor-align-center elementor-widget elementor-widget-button\" data-id=\"34a13a8\" data-element_type=\"widget\" data-widget_type=\"button.default\">\n\t\t\t\t<div class=\"elementor-widget-container\">\n\t\t\t\t\t<div class=\"elementor-button-wrapper\">\n\t\t\t<a href=\"https:\/\/www.zusammengegencorona.de\/tr\/corona-schutzimpfung-ab-12-jahren-welche-kinder-sich-impfen-lassen-sollten\/\" target=\"_blank\" class=\"elementor-button-link elementor-button elementor-size-sm elementor-animation-grow\" role=\"button\">\n\t\t\t\t\t\t<span class=\"elementor-button-content-wrapper\">\n\t\t\t\t\t\t<span class=\"elementor-button-text\">Welche Kinder sich impfen lassen sollten?<\/span>\n\t\t<\/span>\n\t\t\t\t\t<\/a>\n\t\t<\/div>\n\t\t\t\t<\/div>\n\t\t\t\t<\/div>\n\t\t\t\t\t<\/div>\n\t\t<\/div>\n\t\t\t\t\t\t\t<\/div>\n\t\t<\/section>\n\t\t\t\t<section class=\"elementor-section elementor-top-section elementor-element elementor-element-0877d46 elementor-hidden-desktop elementor-hidden-tablet elementor-hidden-phone elementor-section-boxed elementor-section-height-default elementor-section-height-default\" data-id=\"0877d46\" data-element_type=\"section\" data-settings=\"{&quot;background_background&quot;:&quot;classic&quot;}\">\n\t\t\t\t\t\t\t<div class=\"elementor-background-overlay\"><\/div>\n\t\t\t\t\t\t\t<div class=\"elementor-container elementor-column-gap-default\">\n\t\t\t\t\t<div class=\"elementor-column elementor-col-100 elementor-top-column elementor-element elementor-element-79c2781\" data-id=\"79c2781\" data-element_type=\"column\" data-settings=\"{&quot;background_background&quot;:&quot;classic&quot;}\">\n\t\t\t<div class=\"elementor-widget-wrap elementor-element-populated\">\n\t\t\t\t\t<div class=\"elementor-background-overlay\"><\/div>\n\t\t\t\t\t\t\t\t<div class=\"elementor-element elementor-element-33e14cd elementor-widget elementor-widget-spacer\" data-id=\"33e14cd\" data-element_type=\"widget\" data-widget_type=\"spacer.default\">\n\t\t\t\t<div class=\"elementor-widget-container\">\n\t\t\t\t\t<div class=\"elementor-spacer\">\n\t\t\t<div class=\"elementor-spacer-inner\"><\/div>\n\t\t<\/div>\n\t\t\t\t<\/div>\n\t\t\t\t<\/div>\n\t\t\t\t<div class=\"elementor-element elementor-element-a51b90a animated-slow elementor-invisible elementor-widget elementor-widget-text-editor\" data-id=\"a51b90a\" data-element_type=\"widget\" data-settings=\"{&quot;_animation&quot;:&quot;fadeInLeft&quot;,&quot;_animation_delay&quot;:0}\" data-widget_type=\"text-editor.default\">\n\t\t\t\t<div class=\"elementor-widget-container\">\n\t\t\t\t\t\t\t<p>M\u00f6chten Sie einen Impftermin in einem Impfzentrum?<\/p>\t\t\t\t\t\t<\/div>\n\t\t\t\t<\/div>\n\t\t\t\t<div class=\"elementor-element elementor-element-de36da8 elementor-headline--style-highlight elementor-widget elementor-widget-animated-headline\" data-id=\"de36da8\" data-element_type=\"widget\" data-settings=\"{&quot;marker&quot;:&quot;underline&quot;,&quot;highlighted_text&quot;:&quot;0800 0000 837&quot;,&quot;headline_style&quot;:&quot;highlight&quot;,&quot;loop&quot;:&quot;yes&quot;,&quot;highlight_animation_duration&quot;:1200,&quot;highlight_iteration_delay&quot;:8000}\" data-widget_type=\"animated-headline.default\">\n\t\t\t\t<div class=\"elementor-widget-container\">\n\t\t\t\t\t<h1 class=\"elementor-headline\">\n\t\t\t\t<span class=\"elementor-headline-dynamic-wrapper elementor-headline-text-wrapper\">\n\t\t\t\t\t<span class=\"elementor-headline-dynamic-text elementor-headline-text-active\">0800 0000 837<\/span>\n\t\t\t\t<\/span>\n\t\t\t\t<\/h1>\n\t\t\t\t<\/div>\n\t\t\t\t<\/div>\n\t\t\t\t<div class=\"elementor-element elementor-element-6e21716 animated-slow elementor-invisible elementor-widget elementor-widget-text-editor\" data-id=\"6e21716\" data-element_type=\"widget\" data-settings=\"{&quot;_animation&quot;:&quot;fadeInLeft&quot;,&quot;_animation_delay&quot;:0}\" data-widget_type=\"text-editor.default\">\n\t\t\t\t<div class=\"elementor-widget-container\">\n\t\t\t\t\t\t\t<p>Rufen Sie einfach die kostenfreie t\u00fcrkische Hotline an, vereinbaren Sie einen Impftermin*<\/p>\t\t\t\t\t\t<\/div>\n\t\t\t\t<\/div>\n\t\t\t\t<div class=\"elementor-element elementor-element-caa491d elementor-widget elementor-widget-text-editor\" data-id=\"caa491d\" data-element_type=\"widget\" data-widget_type=\"text-editor.default\">\n\t\t\t\t<div class=\"elementor-widget-container\">\n\t\t\t\t\t\t\t<p>*) oder Sie werden zur Hotline Ihres Bundeslandes weitergeleitet. Sie k\u00f6nnen auch online einen Impftermin vereinbaren. Um Informationen zu diesen Themen zu erhalten, klicken Sie die Website Ihres Bundeslandes.<br \/><br \/><\/p>\t\t\t\t\t\t<\/div>\n\t\t\t\t<\/div>\n\t\t\t\t\t<\/div>\n\t\t<\/div>\n\t\t\t\t\t\t\t<\/div>\n\t\t<\/section>\n\t\t\t\t<section class=\"elementor-section elementor-top-section elementor-element elementor-element-dce75aa elementor-section-boxed elementor-section-height-default elementor-section-height-default\" data-id=\"dce75aa\" data-element_type=\"section\">\n\t\t\t\t\t\t<div class=\"elementor-container elementor-column-gap-default\">\n\t\t\t\t\t<div class=\"elementor-column elementor-col-100 elementor-top-column elementor-element elementor-element-4e7151e\" data-id=\"4e7151e\" data-element_type=\"column\">\n\t\t\t<div class=\"elementor-widget-wrap elementor-element-populated\">\n\t\t\t\t\t\t\t\t<div class=\"elementor-element elementor-element-3f3908c elementor-widget elementor-widget-text-editor\" data-id=\"3f3908c\" data-element_type=\"widget\" data-widget_type=\"text-editor.default\">\n\t\t\t\t<div class=\"elementor-widget-container\">\n\t\t\t\t\t\t\t<p>Impfen in Arztpraxen<\/p>\t\t\t\t\t\t<\/div>\n\t\t\t\t<\/div>\n\t\t\t\t<div class=\"elementor-element elementor-element-0981bc4 elementor-widget elementor-widget-text-editor\" data-id=\"0981bc4\" data-element_type=\"widget\" data-widget_type=\"text-editor.default\">\n\t\t\t\t<div class=\"elementor-widget-container\">\n\t\t\t\t\t\t\t<p>Einen Termin f\u00fcr die Corona-Schutzimpfung k\u00f6nnen sie direkt per Telefon oder teilweise per digitaler Terminbuchungsm\u00f6glichkeit in Ihrer Arztpraxis vereinbaren. Eine zentrale Einladung f\u00fcr die Impfung gibt es nicht.<\/p>\t\t\t\t\t\t<\/div>\n\t\t\t\t<\/div>\n\t\t\t\t<div class=\"elementor-element elementor-element-42eb538 elementor-widget elementor-widget-text-editor\" data-id=\"42eb538\" data-element_type=\"widget\" data-widget_type=\"text-editor.default\">\n\t\t\t\t<div class=\"elementor-widget-container\">\n\t\t\t\t\t\t\t<p>Wer wird in Arztpraxen geimpft und wie kommt man an einen Impftermin?<\/p>\t\t\t\t\t\t<\/div>\n\t\t\t\t<\/div>\n\t\t\t\t<div class=\"elementor-element elementor-element-11901de elementor-widget elementor-widget-text-editor\" data-id=\"11901de\" data-element_type=\"widget\" data-widget_type=\"text-editor.default\">\n\t\t\t\t<div class=\"elementor-widget-container\">\n\t\t\t\t\t\t\t<p>Grunds\u00e4tzlich k\u00f6nnen sich Personen ab einem Alter von 5 Jahren gegen das Coronavirus impfen lassen.<\/p>\t\t\t\t\t\t<\/div>\n\t\t\t\t<\/div>\n\t\t\t\t<div class=\"elementor-element elementor-element-6bb061a elementor-widget elementor-widget-spacer\" data-id=\"6bb061a\" data-element_type=\"widget\" data-widget_type=\"spacer.default\">\n\t\t\t\t<div class=\"elementor-widget-container\">\n\t\t\t\t\t<div class=\"elementor-spacer\">\n\t\t\t<div class=\"elementor-spacer-inner\"><\/div>\n\t\t<\/div>\n\t\t\t\t<\/div>\n\t\t\t\t<\/div>\n\t\t\t\t<div class=\"elementor-element elementor-element-6f3743f elementor-widget elementor-widget-menu-anchor\" data-id=\"6f3743f\" data-element_type=\"widget\" data-widget_type=\"menu-anchor.default\">\n\t\t\t\t<div class=\"elementor-widget-container\">\n\t\t\t\t\t<div id=\"ha-va-sa\" class=\"elementor-menu-anchor\"><\/div>\n\t\t\t\t<\/div>\n\t\t\t\t<\/div>\n\t\t\t\t\t<\/div>\n\t\t<\/div>\n\t\t\t\t\t\t\t<\/div>\n\t\t<\/section>\n\t\t\t\t<section class=\"elementor-section elementor-top-section elementor-element elementor-element-4546b4c elementor-section-boxed elementor-section-height-default elementor-section-height-default\" data-id=\"4546b4c\" data-element_type=\"section\" data-settings=\"{&quot;background_background&quot;:&quot;classic&quot;}\">\n\t\t\t\t\t\t<div class=\"elementor-container elementor-column-gap-default\">\n\t\t\t\t\t<div class=\"elementor-column elementor-col-100 elementor-top-column elementor-element elementor-element-5cb9159\" data-id=\"5cb9159\" data-element_type=\"column\">\n\t\t\t<div class=\"elementor-widget-wrap elementor-element-populated\">\n\t\t\t\t\t\t\t\t<div class=\"elementor-element elementor-element-b38cab1 elementor-widget elementor-widget-heading\" data-id=\"b38cab1\" data-element_type=\"widget\" data-widget_type=\"heading.default\">\n\t\t\t\t<div class=\"elementor-widget-container\">\n\t\t\t<h2 class=\"elementor-heading-title elementor-size-default\">Die 7-Tage-Inzidenz<\/h2>\t\t<\/div>\n\t\t\t\t<\/div>\n\t\t\t\t<div class=\"elementor-element elementor-element-8ace1e5 elementor-widget elementor-widget-text-editor\" data-id=\"8ace1e5\" data-element_type=\"widget\" data-widget_type=\"text-editor.default\">\n\t\t\t\t<div class=\"elementor-widget-container\">\n\t\t\t\t\t\t\t<p>Welche 7-Tage-Inzidenz hat Ihre Region?<\/p>\t\t\t\t\t\t<\/div>\n\t\t\t\t<\/div>\n\t\t\t\t\t<\/div>\n\t\t<\/div>\n\t\t\t\t\t\t\t<\/div>\n\t\t<\/section>\n\t\t\t\t<section class=\"elementor-section elementor-top-section elementor-element elementor-element-d74c377 elementor-section-boxed elementor-section-height-default elementor-section-height-default\" data-id=\"d74c377\" data-element_type=\"section\" data-settings=\"{&quot;background_background&quot;:&quot;classic&quot;}\">\n\t\t\t\t\t\t<div class=\"elementor-container elementor-column-gap-default\">\n\t\t\t\t\t<div class=\"elementor-column elementor-col-100 elementor-top-column elementor-element elementor-element-008533e\" data-id=\"008533e\" data-element_type=\"column\">\n\t\t\t<div class=\"elementor-widget-wrap elementor-element-populated\">\n\t\t\t\t\t\t\t\t<div class=\"elementor-element elementor-element-982ef84 elementor-widget elementor-widget-text-editor\" data-id=\"982ef84\" data-element_type=\"widget\" data-widget_type=\"text-editor.default\">\n\t\t\t\t<div class=\"elementor-widget-container\">\n\t\t\t\t\t\t\t<p><b>Was genau meint die 7-Tage-Inzidenz?<\/b><\/p><p>Ob Corona-Ma\u00dfnahmen gelockert oder versch\u00e4rft werden, h\u00e4ngt auch von der sogenannten Sieben-Tage-Inzidenz ab. Die Sieben-Tage-Inzidenz ist nichts anderes als die Zahl der gemeldeten Neuinfektionen innerhalb der vergangenen sieben Tage.<\/p><p>Das Robert Koch-Institut (RKI) erfasst kontinuierlich die aktuelle COVID-19-Lage, bewertet alle Informationen und sch\u00e4tzt das Risiko f\u00fcr die Bev\u00f6lkerung in Deutschland ein.<\/p><p><b>Wie hoch ist die Corona-Inzidenz in meiner Region?<\/b><\/p><p>Von dieser Frage wird abh\u00e4ngen, in welchen Bereichen k\u00fcnftig gelockert oder die Ma\u00dfnahmen weiter versch\u00e4rft werden.<\/p><p>\u00a0<\/p>\t\t\t\t\t\t<\/div>\n\t\t\t\t<\/div>\n\t\t\t\t\t<\/div>\n\t\t<\/div>\n\t\t\t\t\t\t\t<\/div>\n\t\t<\/section>\n\t\t\t\t<section class=\"elementor-section elementor-top-section elementor-element elementor-element-e7edf26 elementor-hidden-tablet elementor-hidden-phone elementor-section-boxed elementor-section-height-default elementor-section-height-default\" data-id=\"e7edf26\" data-element_type=\"section\" data-settings=\"{&quot;background_background&quot;:&quot;classic&quot;}\">\n\t\t\t\t\t\t<div class=\"elementor-container elementor-column-gap-default\">\n\t\t\t\t\t<div class=\"elementor-column elementor-col-50 elementor-top-column elementor-element elementor-element-74fbca9\" data-id=\"74fbca9\" data-element_type=\"column\">\n\t\t\t<div class=\"elementor-widget-wrap elementor-element-populated\">\n\t\t\t\t\t\t\t\t<div class=\"elementor-element elementor-element-3a48fed elementor-widget elementor-widget-image\" data-id=\"3a48fed\" data-element_type=\"widget\" data-settings=\"{&quot;_animation_mobile&quot;:&quot;none&quot;}\" data-widget_type=\"image.default\">\n\t\t\t\t<div class=\"elementor-widget-container\">\n\t\t\t\t\t\t\t\t\t\t\t\t\t\t\t\t<a href=\"https:\/\/experience.arcgis.com\/experience\/478220a4c454480e823b17327b2bf1d4\/page\/page_1\" target=\"_blank\">\n\t\t\t\t\t\t\t<img width=\"800\" height=\"445\" src=\"https:\/\/covid-19-bilgi.de\/wp-content\/uploads\/2022\/04\/rki-covid19-dashboard-120422.jpg\" class=\"attachment-full size-full\" alt=\"\" loading=\"lazy\" srcset=\"https:\/\/covid-19-bilgi.de\/wp-content\/uploads\/2022\/04\/rki-covid19-dashboard-120422.jpg 800w, https:\/\/covid-19-bilgi.de\/wp-content\/uploads\/2022\/04\/rki-covid19-dashboard-120422-300x167.jpg 300w, https:\/\/covid-19-bilgi.de\/wp-content\/uploads\/2022\/04\/rki-covid19-dashboard-120422-768x427.jpg 768w, https:\/\/covid-19-bilgi.de\/wp-content\/uploads\/2022\/04\/rki-covid19-dashboard-120422-16x9.jpg 16w\" sizes=\"(max-width: 800px) 100vw, 800px\" \/>\t\t\t\t\t\t\t\t<\/a>\n\t\t\t\t\t\t\t\t\t\t\t\t\t\t\t<\/div>\n\t\t\t\t<\/div>\n\t\t\t\t<div class=\"elementor-element elementor-element-b439ae2 elementor-widget elementor-widget-image\" data-id=\"b439ae2\" data-element_type=\"widget\" data-widget_type=\"image.default\">\n\t\t\t\t<div class=\"elementor-widget-container\">\n\t\t\t\t\t\t\t\t\t\t\t\t\t\t\t<img width=\"800\" height=\"79\" src=\"https:\/\/covid-19-bilgi.de\/wp-content\/uploads\/2022\/03\/rki-7tag.jpg\" class=\"attachment-large size-large\" alt=\"\" loading=\"lazy\" srcset=\"https:\/\/covid-19-bilgi.de\/wp-content\/uploads\/2022\/03\/rki-7tag.jpg 800w, https:\/\/covid-19-bilgi.de\/wp-content\/uploads\/2022\/03\/rki-7tag-300x30.jpg 300w, https:\/\/covid-19-bilgi.de\/wp-content\/uploads\/2022\/03\/rki-7tag-768x76.jpg 768w, https:\/\/covid-19-bilgi.de\/wp-content\/uploads\/2022\/03\/rki-7tag-16x2.jpg 16w\" sizes=\"(max-width: 800px) 100vw, 800px\" \/>\t\t\t\t\t\t\t\t\t\t\t\t\t\t\t<\/div>\n\t\t\t\t<\/div>\n\t\t\t\t\t<\/div>\n\t\t<\/div>\n\t\t\t\t<div class=\"elementor-column elementor-col-50 elementor-top-column elementor-element elementor-element-5d47eed\" data-id=\"5d47eed\" data-element_type=\"column\">\n\t\t\t<div class=\"elementor-widget-wrap elementor-element-populated\">\n\t\t\t\t\t\t\t\t<div class=\"elementor-element elementor-element-26d5e58 elementor-widget elementor-widget-text-editor\" data-id=\"26d5e58\" data-element_type=\"widget\" data-widget_type=\"text-editor.default\">\n\t\t\t\t<div class=\"elementor-widget-container\">\n\t\t\t\t\t\t\t<p>Mit einem Klick auf dem nebenstehenden Bild werden Sie  auf das aktuelle Covid19-dashboard vom RKI geleitet. Das Dashboard zeigt, welche Regionen die Obergrenze von 35, 50 und 100 (\u201eNotbremse\u201c) aktuellen Neuinfektionen pro 100.000 Einwohner \u00fcberschreiten (7-Tage-Inzidenz). Die Daten werden laufend automatisch aktualisiert.<\/p>\n\n<p>Mithilfe des Suchfelds k\u00f6nnen Sie Ihren Landkreis finden. Es  zeigt zudem, wie hoch die Inzidenz genau ist \u2013 und wie viele Infektionen in den vergangenen sieben Tagen hinzugekommen sind.<\/p>\t\t\t\t\t\t<\/div>\n\t\t\t\t<\/div>\n\t\t\t\t\t<\/div>\n\t\t<\/div>\n\t\t\t\t\t\t\t<\/div>\n\t\t<\/section>\n\t\t\t\t<section class=\"elementor-section elementor-top-section elementor-element elementor-element-aa9ea31 elementor-hidden-desktop elementor-section-boxed elementor-section-height-default elementor-section-height-default\" data-id=\"aa9ea31\" data-element_type=\"section\" data-settings=\"{&quot;background_background&quot;:&quot;classic&quot;}\">\n\t\t\t\t\t\t<div class=\"elementor-container elementor-column-gap-default\">\n\t\t\t\t\t<div class=\"elementor-column elementor-col-33 elementor-top-column elementor-element elementor-element-a251e6c\" data-id=\"a251e6c\" data-element_type=\"column\">\n\t\t\t<div class=\"elementor-widget-wrap elementor-element-populated\">\n\t\t\t\t\t\t\t\t<div class=\"elementor-element elementor-element-08f11e3 elementor-widget elementor-widget-text-editor\" data-id=\"08f11e3\" data-element_type=\"widget\" data-widget_type=\"text-editor.default\">\n\t\t\t\t<div class=\"elementor-widget-container\">\n\t\t\t\t\t\t\t<p>Mit einem Klick auf dem untenstehenden Bild werden Sie  auf das aktuelle Covid19-dashboard vom RKI geleitet. Das Dashboard zeigt, welche Regionen die Obergrenze von 35, 50 und 100 (\u201eNotbremse\u201c) aktuellen Neuinfektionen pro 100.000 Einwohner \u00fcberschreiten (7-Tage-Inzidenz). Die Daten werden laufend automatisch aktualisiert.<\/p>\t\t\t\t\t\t<\/div>\n\t\t\t\t<\/div>\n\t\t\t\t\t<\/div>\n\t\t<\/div>\n\t\t\t\t<div class=\"elementor-column elementor-col-33 elementor-top-column elementor-element elementor-element-e679980\" data-id=\"e679980\" data-element_type=\"column\">\n\t\t\t<div class=\"elementor-widget-wrap elementor-element-populated\">\n\t\t\t\t\t\t\t\t<div class=\"elementor-element elementor-element-b4d7e50 elementor-widget elementor-widget-image\" data-id=\"b4d7e50\" data-element_type=\"widget\" data-settings=\"{&quot;_animation_mobile&quot;:&quot;none&quot;}\" data-widget_type=\"image.default\">\n\t\t\t\t<div class=\"elementor-widget-container\">\n\t\t\t\t\t\t\t\t\t\t\t\t\t\t\t\t<a href=\"https:\/\/experience.arcgis.com\/experience\/478220a4c454480e823b17327b2bf1d4\/page\/page_1\" target=\"_blank\">\n\t\t\t\t\t\t\t<img width=\"800\" height=\"461\" src=\"https:\/\/covid-19-bilgi.de\/wp-content\/uploads\/2022\/04\/rki-covid19-dashboard-110422.jpg\" class=\"attachment-full size-full\" alt=\"\" loading=\"lazy\" srcset=\"https:\/\/covid-19-bilgi.de\/wp-content\/uploads\/2022\/04\/rki-covid19-dashboard-110422.jpg 800w, https:\/\/covid-19-bilgi.de\/wp-content\/uploads\/2022\/04\/rki-covid19-dashboard-110422-300x173.jpg 300w, https:\/\/covid-19-bilgi.de\/wp-content\/uploads\/2022\/04\/rki-covid19-dashboard-110422-768x443.jpg 768w, https:\/\/covid-19-bilgi.de\/wp-content\/uploads\/2022\/04\/rki-covid19-dashboard-110422-16x9.jpg 16w\" sizes=\"(max-width: 800px) 100vw, 800px\" \/>\t\t\t\t\t\t\t\t<\/a>\n\t\t\t\t\t\t\t\t\t\t\t\t\t\t\t<\/div>\n\t\t\t\t<\/div>\n\t\t\t\t<div class=\"elementor-element elementor-element-ed4aeec elementor-widget elementor-widget-image\" data-id=\"ed4aeec\" data-element_type=\"widget\" data-widget_type=\"image.default\">\n\t\t\t\t<div class=\"elementor-widget-container\">\n\t\t\t\t\t\t\t\t\t\t\t\t\t\t\t<img width=\"800\" height=\"79\" src=\"https:\/\/covid-19-bilgi.de\/wp-content\/uploads\/2022\/03\/rki-7tag.jpg\" class=\"attachment-large size-large\" alt=\"\" loading=\"lazy\" srcset=\"https:\/\/covid-19-bilgi.de\/wp-content\/uploads\/2022\/03\/rki-7tag.jpg 800w, https:\/\/covid-19-bilgi.de\/wp-content\/uploads\/2022\/03\/rki-7tag-300x30.jpg 300w, https:\/\/covid-19-bilgi.de\/wp-content\/uploads\/2022\/03\/rki-7tag-768x76.jpg 768w, https:\/\/covid-19-bilgi.de\/wp-content\/uploads\/2022\/03\/rki-7tag-16x2.jpg 16w\" sizes=\"(max-width: 800px) 100vw, 800px\" \/>\t\t\t\t\t\t\t\t\t\t\t\t\t\t\t<\/div>\n\t\t\t\t<\/div>\n\t\t\t\t\t<\/div>\n\t\t<\/div>\n\t\t\t\t<div class=\"elementor-column elementor-col-33 elementor-top-column elementor-element elementor-element-2c920b8\" data-id=\"2c920b8\" data-element_type=\"column\">\n\t\t\t<div class=\"elementor-widget-wrap elementor-element-populated\">\n\t\t\t\t\t\t\t\t<div class=\"elementor-element elementor-element-dab0b3f elementor-widget elementor-widget-text-editor\" data-id=\"dab0b3f\" data-element_type=\"widget\" data-widget_type=\"text-editor.default\">\n\t\t\t\t<div class=\"elementor-widget-container\">\n\t\t\t\t\t\t\t<p><span style=\"font-size: 18px; background-color: var( --e-global-color-0016c36 );\">Mithilfe des Suchfelds k\u00f6nnen Sie Ihren Landkreis finden. Es  zeigt zudem, wie hoch die Inzidenz genau ist \u2013 und wie viele Infektionen in den vergangenen sieben Tagen hinzugekommen sind.<\/span><\/p>\t\t\t\t\t\t<\/div>\n\t\t\t\t<\/div>\n\t\t\t\t\t<\/div>\n\t\t<\/div>\n\t\t\t\t\t\t\t<\/div>\n\t\t<\/section>\n\t\t\t\t<section class=\"elementor-section elementor-top-section elementor-element elementor-element-4405ede elementor-section-boxed elementor-section-height-default elementor-section-height-default\" data-id=\"4405ede\" data-element_type=\"section\" data-settings=\"{&quot;background_background&quot;:&quot;classic&quot;}\">\n\t\t\t\t\t\t<div class=\"elementor-container elementor-column-gap-default\">\n\t\t\t\t\t<div class=\"elementor-column elementor-col-100 elementor-top-column elementor-element elementor-element-75d7b30\" data-id=\"75d7b30\" data-element_type=\"column\">\n\t\t\t<div class=\"elementor-widget-wrap elementor-element-populated\">\n\t\t\t\t\t\t\t\t<div class=\"elementor-element elementor-element-9825b53 elementor-align-center elementor-widget elementor-widget-button\" data-id=\"9825b53\" data-element_type=\"widget\" data-settings=\"{&quot;_animation&quot;:&quot;none&quot;}\" data-widget_type=\"button.default\">\n\t\t\t\t<div class=\"elementor-widget-container\">\n\t\t\t\t\t<div class=\"elementor-button-wrapper\">\n\t\t\t<a href=\"https:\/\/experience.arcgis.com\/experience\/478220a4c454480e823b17327b2bf1d4\/page\/page_1\/\" target=\"_blank\" class=\"elementor-button-link elementor-button elementor-size-md elementor-animation-grow\" role=\"button\">\n\t\t\t\t\t\t<span class=\"elementor-button-content-wrapper\">\n\t\t\t\t\t\t<span class=\"elementor-button-text\">Robert Koch-Institut: COVID-19-Dashboard<\/span>\n\t\t<\/span>\n\t\t\t\t\t<\/a>\n\t\t<\/div>\n\t\t\t\t<\/div>\n\t\t\t\t<\/div>\n\t\t\t\t\t<\/div>\n\t\t<\/div>\n\t\t\t\t\t\t\t<\/div>\n\t\t<\/section>\n\t\t\t\t<section class=\"elementor-section elementor-top-section elementor-element elementor-element-142c095 elementor-section-boxed elementor-section-height-default elementor-section-height-default\" data-id=\"142c095\" data-element_type=\"section\" data-settings=\"{&quot;background_background&quot;:&quot;classic&quot;}\">\n\t\t\t\t\t\t<div class=\"elementor-container elementor-column-gap-default\">\n\t\t\t\t\t<div class=\"elementor-column elementor-col-100 elementor-top-column elementor-element elementor-element-c90560b\" data-id=\"c90560b\" data-element_type=\"column\">\n\t\t\t<div class=\"elementor-widget-wrap elementor-element-populated\">\n\t\t\t\t\t\t\t\t<div class=\"elementor-element elementor-element-c3510ba elementor-widget elementor-widget-menu-anchor\" data-id=\"c3510ba\" data-element_type=\"widget\" data-widget_type=\"menu-anchor.default\">\n\t\t\t\t<div class=\"elementor-widget-container\">\n\t\t\t\t\t<div id=\"kurallar\" class=\"elementor-menu-anchor\"><\/div>\n\t\t\t\t<\/div>\n\t\t\t\t<\/div>\n\t\t\t\t<div class=\"elementor-element elementor-element-7e75af5 elementor-widget elementor-widget-heading\" data-id=\"7e75af5\" data-element_type=\"widget\" data-widget_type=\"heading.default\">\n\t\t\t\t<div class=\"elementor-widget-container\">\n\t\t\t<h2 class=\"elementor-heading-title elementor-size-default\">Regeln in den Bundesl\u00e4ndern <\/h2>\t\t<\/div>\n\t\t\t\t<\/div>\n\t\t\t\t<div class=\"elementor-element elementor-element-55604be elementor-widget elementor-widget-text-editor\" data-id=\"55604be\" data-element_type=\"widget\" data-widget_type=\"text-editor.default\">\n\t\t\t\t<div class=\"elementor-widget-container\">\n\t\t\t\t\t\t\t<p>Welche Corona-Regelungen gelten in meinem Bundesland?<\/p>\t\t\t\t\t\t<\/div>\n\t\t\t\t<\/div>\n\t\t\t\t<div class=\"elementor-element elementor-element-847661f elementor-widget elementor-widget-text-editor\" data-id=\"847661f\" data-element_type=\"widget\" data-widget_type=\"text-editor.default\">\n\t\t\t\t<div class=\"elementor-widget-container\">\n\t\t\t\t\t\t\t<p>Die Leitlinien zur Bew\u00e4ltigung der Corona-Pandemie beschlie\u00dfen Bund und L\u00e4nder gemeinsam. Nach dem f\u00f6deralen Prinzip erlassen die L\u00e4nder in ihrer Zust\u00e4ndigkeit die konkreten Regelungen. Was im Detail in Ihrer Region gilt, finden Sie auf der Seite Ihres Bundeslandes. <br>Bitte beachten Sie, dass einige dieser Informationen nur auf Deutsch verf\u00fcgbar sind.<\/p>\t\t\t\t\t\t<\/div>\n\t\t\t\t<\/div>\n\t\t\t\t\t<\/div>\n\t\t<\/div>\n\t\t\t\t\t\t\t<\/div>\n\t\t<\/section>\n\t\t\t\t<section class=\"elementor-section elementor-top-section elementor-element elementor-element-912d548 elementor-section-boxed elementor-section-height-default elementor-section-height-default\" data-id=\"912d548\" data-element_type=\"section\">\n\t\t\t\t\t\t<div class=\"elementor-container elementor-column-gap-default\">\n\t\t\t\t\t<div class=\"elementor-column elementor-col-25 elementor-top-column elementor-element elementor-element-49267bc\" data-id=\"49267bc\" data-element_type=\"column\">\n\t\t\t<div class=\"elementor-widget-wrap elementor-element-populated\">\n\t\t\t\t\t\t\t\t<div class=\"elementor-element elementor-element-e5809b4 elementor-icon-list--layout-traditional elementor-list-item-link-full_width elementor-widget elementor-widget-icon-list\" data-id=\"e5809b4\" data-element_type=\"widget\" data-widget_type=\"icon-list.default\">\n\t\t\t\t<div class=\"elementor-widget-container\">\n\t\t\t\t\t<ul class=\"elementor-icon-list-items\">\n\t\t\t\t\t\t\t<li class=\"elementor-icon-list-item\">\n\t\t\t\t\t\t\t\t\t\t\t<a href=\"https:\/\/www.baden-wuerttemberg.de\/de\/service\/aktuelle-infos-zu-corona\/\" target=\"_blank\">\n\n\t\t\t\t\t\t\t\t\t\t\t\t<span class=\"elementor-icon-list-icon\">\n\t\t\t\t\t\t\t<i aria-hidden=\"true\" class=\"fas fa-external-link-alt\"><\/i>\t\t\t\t\t\t<\/span>\n\t\t\t\t\t\t\t\t\t\t<span class=\"elementor-icon-list-text\">Baden-W\u00fcrttemberg <\/span>\n\t\t\t\t\t\t\t\t\t\t\t<\/a>\n\t\t\t\t\t\t\t\t\t<\/li>\n\t\t\t\t\t\t\t\t<li class=\"elementor-icon-list-item\">\n\t\t\t\t\t\t\t\t\t\t\t<a href=\"https:\/\/www.bayern.de\/coronavirus-in-bayern-informationen-auf-einen-blick\/\" target=\"_blank\">\n\n\t\t\t\t\t\t\t\t\t\t\t\t<span class=\"elementor-icon-list-icon\">\n\t\t\t\t\t\t\t<i aria-hidden=\"true\" class=\"fas fa-external-link-alt\"><\/i>\t\t\t\t\t\t<\/span>\n\t\t\t\t\t\t\t\t\t\t<span class=\"elementor-icon-list-text\">Bayern<\/span>\n\t\t\t\t\t\t\t\t\t\t\t<\/a>\n\t\t\t\t\t\t\t\t\t<\/li>\n\t\t\t\t\t\t\t\t<li class=\"elementor-icon-list-item\">\n\t\t\t\t\t\t\t\t\t\t\t<a href=\"https:\/\/www.berlin.de\/corona\/tr\/\" target=\"_blank\">\n\n\t\t\t\t\t\t\t\t\t\t\t\t<span class=\"elementor-icon-list-icon\">\n\t\t\t\t\t\t\t<i aria-hidden=\"true\" class=\"fas fa-external-link-alt\"><\/i>\t\t\t\t\t\t<\/span>\n\t\t\t\t\t\t\t\t\t\t<span class=\"elementor-icon-list-text\">Berlin <span style=\"font-size: 10pt;\">(T\u00fcrk\u00e7e)<\/span><\/span>\n\t\t\t\t\t\t\t\t\t\t\t<\/a>\n\t\t\t\t\t\t\t\t\t<\/li>\n\t\t\t\t\t\t\t\t<li class=\"elementor-icon-list-item\">\n\t\t\t\t\t\t\t\t\t\t\t<a href=\"https:\/\/kkm.brandenburg.de\/kkm\/de\/\" target=\"_blank\">\n\n\t\t\t\t\t\t\t\t\t\t\t\t<span class=\"elementor-icon-list-icon\">\n\t\t\t\t\t\t\t<i aria-hidden=\"true\" class=\"fas fa-external-link-alt\"><\/i>\t\t\t\t\t\t<\/span>\n\t\t\t\t\t\t\t\t\t\t<span class=\"elementor-icon-list-text\">Brandenburg<\/span>\n\t\t\t\t\t\t\t\t\t\t\t<\/a>\n\t\t\t\t\t\t\t\t\t<\/li>\n\t\t\t\t\t\t<\/ul>\n\t\t\t\t<\/div>\n\t\t\t\t<\/div>\n\t\t\t\t\t<\/div>\n\t\t<\/div>\n\t\t\t\t<div class=\"elementor-column elementor-col-25 elementor-top-column elementor-element elementor-element-7cc6471\" data-id=\"7cc6471\" data-element_type=\"column\">\n\t\t\t<div class=\"elementor-widget-wrap elementor-element-populated\">\n\t\t\t\t\t\t\t\t<div class=\"elementor-element elementor-element-fe5428c elementor-icon-list--layout-traditional elementor-list-item-link-full_width elementor-widget elementor-widget-icon-list\" data-id=\"fe5428c\" data-element_type=\"widget\" data-widget_type=\"icon-list.default\">\n\t\t\t\t<div class=\"elementor-widget-container\">\n\t\t\t\t\t<ul class=\"elementor-icon-list-items\">\n\t\t\t\t\t\t\t<li class=\"elementor-icon-list-item\">\n\t\t\t\t\t\t\t\t\t\t\t<a href=\"https:\/\/www.bremen.de\/corona\" target=\"_blank\">\n\n\t\t\t\t\t\t\t\t\t\t\t\t<span class=\"elementor-icon-list-icon\">\n\t\t\t\t\t\t\t<i aria-hidden=\"true\" class=\"fas fa-external-link-alt\"><\/i>\t\t\t\t\t\t<\/span>\n\t\t\t\t\t\t\t\t\t\t<span class=\"elementor-icon-list-text\">Bremen<\/span>\n\t\t\t\t\t\t\t\t\t\t\t<\/a>\n\t\t\t\t\t\t\t\t\t<\/li>\n\t\t\t\t\t\t\t\t<li class=\"elementor-icon-list-item\">\n\t\t\t\t\t\t\t\t\t\t\t<a href=\"https:\/\/www.hamburg.de\/faq-tuerkisch\/\" target=\"_blank\">\n\n\t\t\t\t\t\t\t\t\t\t\t\t<span class=\"elementor-icon-list-icon\">\n\t\t\t\t\t\t\t<i aria-hidden=\"true\" class=\"fas fa-external-link-alt\"><\/i>\t\t\t\t\t\t<\/span>\n\t\t\t\t\t\t\t\t\t\t<span class=\"elementor-icon-list-text\">Hamburg <span style=\"font-size: 10pt;\">(T\u00fcrk\u00e7e)<\/span><\/span>\n\t\t\t\t\t\t\t\t\t\t\t<\/a>\n\t\t\t\t\t\t\t\t\t<\/li>\n\t\t\t\t\t\t\t\t<li class=\"elementor-icon-list-item\">\n\t\t\t\t\t\t\t\t\t\t\t<a href=\"https:\/\/www.hessen.de\/Handeln\/Corona-in-Hessen\" target=\"_blank\">\n\n\t\t\t\t\t\t\t\t\t\t\t\t<span class=\"elementor-icon-list-icon\">\n\t\t\t\t\t\t\t<i aria-hidden=\"true\" class=\"fas fa-external-link-alt\"><\/i>\t\t\t\t\t\t<\/span>\n\t\t\t\t\t\t\t\t\t\t<span class=\"elementor-icon-list-text\">Hessen<\/span>\n\t\t\t\t\t\t\t\t\t\t\t<\/a>\n\t\t\t\t\t\t\t\t\t<\/li>\n\t\t\t\t\t\t\t\t<li class=\"elementor-icon-list-item\">\n\t\t\t\t\t\t\t\t\t\t\t<a href=\"https:\/\/www.regierung-mv.de\/corona\/\" target=\"_blank\">\n\n\t\t\t\t\t\t\t\t\t\t\t\t<span class=\"elementor-icon-list-icon\">\n\t\t\t\t\t\t\t<i aria-hidden=\"true\" class=\"fas fa-external-link-alt\"><\/i>\t\t\t\t\t\t<\/span>\n\t\t\t\t\t\t\t\t\t\t<span class=\"elementor-icon-list-text\">Mecklenburg-Vorpommern<\/span>\n\t\t\t\t\t\t\t\t\t\t\t<\/a>\n\t\t\t\t\t\t\t\t\t<\/li>\n\t\t\t\t\t\t<\/ul>\n\t\t\t\t<\/div>\n\t\t\t\t<\/div>\n\t\t\t\t\t<\/div>\n\t\t<\/div>\n\t\t\t\t<div class=\"elementor-column elementor-col-25 elementor-top-column elementor-element elementor-element-efe87e2\" data-id=\"efe87e2\" data-element_type=\"column\">\n\t\t\t<div class=\"elementor-widget-wrap elementor-element-populated\">\n\t\t\t\t\t\t\t\t<div class=\"elementor-element elementor-element-fa06945 elementor-icon-list--layout-traditional elementor-list-item-link-full_width elementor-widget elementor-widget-icon-list\" data-id=\"fa06945\" data-element_type=\"widget\" data-widget_type=\"icon-list.default\">\n\t\t\t\t<div class=\"elementor-widget-container\">\n\t\t\t\t\t<ul class=\"elementor-icon-list-items\">\n\t\t\t\t\t\t\t<li class=\"elementor-icon-list-item\">\n\t\t\t\t\t\t\t\t\t\t\t<a href=\"https:\/\/www.niedersachsen.de\/Coronavirus\" target=\"_blank\">\n\n\t\t\t\t\t\t\t\t\t\t\t\t<span class=\"elementor-icon-list-icon\">\n\t\t\t\t\t\t\t<i aria-hidden=\"true\" class=\"fas fa-external-link-alt\"><\/i>\t\t\t\t\t\t<\/span>\n\t\t\t\t\t\t\t\t\t\t<span class=\"elementor-icon-list-text\">Niedersachsen<\/span>\n\t\t\t\t\t\t\t\t\t\t\t<\/a>\n\t\t\t\t\t\t\t\t\t<\/li>\n\t\t\t\t\t\t\t\t<li class=\"elementor-icon-list-item\">\n\t\t\t\t\t\t\t\t\t\t\t<a href=\"https:\/\/www.land.nrw\/corona\" target=\"_blank\">\n\n\t\t\t\t\t\t\t\t\t\t\t\t<span class=\"elementor-icon-list-icon\">\n\t\t\t\t\t\t\t<i aria-hidden=\"true\" class=\"fas fa-external-link-alt\"><\/i>\t\t\t\t\t\t<\/span>\n\t\t\t\t\t\t\t\t\t\t<span class=\"elementor-icon-list-text\">Nordrhein-Westfalen<\/span>\n\t\t\t\t\t\t\t\t\t\t\t<\/a>\n\t\t\t\t\t\t\t\t\t<\/li>\n\t\t\t\t\t\t\t\t<li class=\"elementor-icon-list-item\">\n\t\t\t\t\t\t\t\t\t\t\t<a href=\"https:\/\/corona.rlp.de\/de\/startseite\/\" target=\"_blank\">\n\n\t\t\t\t\t\t\t\t\t\t\t\t<span class=\"elementor-icon-list-icon\">\n\t\t\t\t\t\t\t<i aria-hidden=\"true\" class=\"fas fa-external-link-alt\"><\/i>\t\t\t\t\t\t<\/span>\n\t\t\t\t\t\t\t\t\t\t<span class=\"elementor-icon-list-text\">Rheinland-Pfalz<\/span>\n\t\t\t\t\t\t\t\t\t\t\t<\/a>\n\t\t\t\t\t\t\t\t\t<\/li>\n\t\t\t\t\t\t\t\t<li class=\"elementor-icon-list-item\">\n\t\t\t\t\t\t\t\t\t\t\t<a href=\"https:\/\/www.saarland.de\/DE\/portale\/corona\/home\/home_node.html\" target=\"_blank\">\n\n\t\t\t\t\t\t\t\t\t\t\t\t<span class=\"elementor-icon-list-icon\">\n\t\t\t\t\t\t\t<i aria-hidden=\"true\" class=\"fas fa-external-link-alt\"><\/i>\t\t\t\t\t\t<\/span>\n\t\t\t\t\t\t\t\t\t\t<span class=\"elementor-icon-list-text\">Saarland<\/span>\n\t\t\t\t\t\t\t\t\t\t\t<\/a>\n\t\t\t\t\t\t\t\t\t<\/li>\n\t\t\t\t\t\t<\/ul>\n\t\t\t\t<\/div>\n\t\t\t\t<\/div>\n\t\t\t\t\t<\/div>\n\t\t<\/div>\n\t\t\t\t<div class=\"elementor-column elementor-col-25 elementor-top-column elementor-element elementor-element-2090367\" data-id=\"2090367\" data-element_type=\"column\">\n\t\t\t<div class=\"elementor-widget-wrap elementor-element-populated\">\n\t\t\t\t\t\t\t\t<div class=\"elementor-element elementor-element-55507ad elementor-icon-list--layout-traditional elementor-list-item-link-full_width elementor-widget elementor-widget-icon-list\" data-id=\"55507ad\" data-element_type=\"widget\" data-widget_type=\"icon-list.default\">\n\t\t\t\t<div class=\"elementor-widget-container\">\n\t\t\t\t\t<ul class=\"elementor-icon-list-items\">\n\t\t\t\t\t\t\t<li class=\"elementor-icon-list-item\">\n\t\t\t\t\t\t\t\t\t\t\t<a href=\"https:\/\/www.coronavirus.sachsen.de\/\" target=\"_blank\">\n\n\t\t\t\t\t\t\t\t\t\t\t\t<span class=\"elementor-icon-list-icon\">\n\t\t\t\t\t\t\t<i aria-hidden=\"true\" class=\"fas fa-external-link-alt\"><\/i>\t\t\t\t\t\t<\/span>\n\t\t\t\t\t\t\t\t\t\t<span class=\"elementor-icon-list-text\">Sachsen<\/span>\n\t\t\t\t\t\t\t\t\t\t\t<\/a>\n\t\t\t\t\t\t\t\t\t<\/li>\n\t\t\t\t\t\t\t\t<li class=\"elementor-icon-list-item\">\n\t\t\t\t\t\t\t\t\t\t\t<a href=\"https:\/\/coronavirus.sachsen-anhalt.de\/\" target=\"_blank\">\n\n\t\t\t\t\t\t\t\t\t\t\t\t<span class=\"elementor-icon-list-icon\">\n\t\t\t\t\t\t\t<i aria-hidden=\"true\" class=\"fas fa-external-link-alt\"><\/i>\t\t\t\t\t\t<\/span>\n\t\t\t\t\t\t\t\t\t\t<span class=\"elementor-icon-list-text\">Sachsen-Anhalt<\/span>\n\t\t\t\t\t\t\t\t\t\t\t<\/a>\n\t\t\t\t\t\t\t\t\t<\/li>\n\t\t\t\t\t\t\t\t<li class=\"elementor-icon-list-item\">\n\t\t\t\t\t\t\t\t\t\t\t<a href=\"https:\/\/schleswig-holstein.de\/DE\/Schwerpunkte\/Coronavirus\/coronavirus_node.html\" target=\"_blank\">\n\n\t\t\t\t\t\t\t\t\t\t\t\t<span class=\"elementor-icon-list-icon\">\n\t\t\t\t\t\t\t<i aria-hidden=\"true\" class=\"fas fa-external-link-alt\"><\/i>\t\t\t\t\t\t<\/span>\n\t\t\t\t\t\t\t\t\t\t<span class=\"elementor-icon-list-text\">Schleswig-Holstein<\/span>\n\t\t\t\t\t\t\t\t\t\t\t<\/a>\n\t\t\t\t\t\t\t\t\t<\/li>\n\t\t\t\t\t\t\t\t<li class=\"elementor-icon-list-item\">\n\t\t\t\t\t\t\t\t\t\t\t<a href=\"https:\/\/corona.thueringen.de\/\" target=\"_blank\">\n\n\t\t\t\t\t\t\t\t\t\t\t\t<span class=\"elementor-icon-list-icon\">\n\t\t\t\t\t\t\t<i aria-hidden=\"true\" class=\"fas fa-external-link-alt\"><\/i>\t\t\t\t\t\t<\/span>\n\t\t\t\t\t\t\t\t\t\t<span class=\"elementor-icon-list-text\">Th\u00fcringen<\/span>\n\t\t\t\t\t\t\t\t\t\t\t<\/a>\n\t\t\t\t\t\t\t\t\t<\/li>\n\t\t\t\t\t\t<\/ul>\n\t\t\t\t<\/div>\n\t\t\t\t<\/div>\n\t\t\t\t\t<\/div>\n\t\t<\/div>\n\t\t\t\t\t\t\t<\/div>\n\t\t<\/section>\n\t\t\t\t<section class=\"elementor-section elementor-top-section elementor-element elementor-element-4ceb807 elementor-hidden-desktop elementor-hidden-tablet elementor-hidden-phone elementor-section-boxed elementor-section-height-default elementor-section-height-default\" data-id=\"4ceb807\" data-element_type=\"section\" data-settings=\"{&quot;background_background&quot;:&quot;classic&quot;}\">\n\t\t\t\t\t\t<div class=\"elementor-container elementor-column-gap-default\">\n\t\t\t\t\t<div class=\"elementor-column elementor-col-25 elementor-top-column elementor-element elementor-element-0a62058\" data-id=\"0a62058\" data-element_type=\"column\" data-settings=\"{&quot;background_background&quot;:&quot;classic&quot;}\">\n\t\t\t<div class=\"elementor-widget-wrap elementor-element-populated\">\n\t\t\t\t\t\t\t\t<div class=\"elementor-element elementor-element-17f6fa0 elementor-widget elementor-widget-text-editor\" data-id=\"17f6fa0\" data-element_type=\"widget\" data-widget_type=\"text-editor.default\">\n\t\t\t\t<div class=\"elementor-widget-container\">\n\t\t\t\t\t\t\t<ul>\n \t<li><a href=\"https:\/\/www.baden-wuerttemberg.de\/de\/service\/aktuelle-infos-zu-corona\/\" target=\"_blank\" rel=\"noopener noreferrer\">Baden-W\u00fcrttemberg<\/a><\/li>\n \t<li><a href=\"https:\/\/www.bayern.de\/service\/coronavirus-in-bayern-informationen-auf-einen-blick\/\" target=\"_blank\" rel=\"noopener noreferrer\">Bayern<\/a><\/li>\n \t<li><a href=\"https:\/\/www.berlin.de\/corona\/\" target=\"_blank\" rel=\"noopener noreferrer\">Berlin<\/a><\/li>\n \t<li><a href=\"https:\/\/brandenburg-impft.de\/bb-impft\/de\/\" target=\"_blank\" rel=\"noopener noreferrer\">Brandenburg<\/a><\/li>\n<\/ul>\t\t\t\t\t\t<\/div>\n\t\t\t\t<\/div>\n\t\t\t\t\t<\/div>\n\t\t<\/div>\n\t\t\t\t<div class=\"elementor-column elementor-col-25 elementor-top-column elementor-element elementor-element-3edeacf\" data-id=\"3edeacf\" data-element_type=\"column\" data-settings=\"{&quot;background_background&quot;:&quot;classic&quot;}\">\n\t\t\t<div class=\"elementor-widget-wrap elementor-element-populated\">\n\t\t\t\t\t\t\t\t<div class=\"elementor-element elementor-element-38ac7a9 elementor-widget elementor-widget-text-editor\" data-id=\"38ac7a9\" data-element_type=\"widget\" data-widget_type=\"text-editor.default\">\n\t\t\t\t<div class=\"elementor-widget-container\">\n\t\t\t\t\t\t\t<ul>\n <li><a href=\"https:\/\/www.bremen.de\/corona\" target=\"_blank\" rel=\"noopener noreferrer\">Bremen<\/a><\/li>\n <li><a href=\"https:\/\/www.hamburg.de\/coronavirus\/\" target=\"_blank\" rel=\"noopener noreferrer\">Hamburg<\/a><\/li>\n <li><a href=\"https:\/\/www.hessen.de\/fuer-buerger\/aktuelle-informationen-zu-corona-hessen\" target=\"_blank\" rel=\"noopener noreferrer\">Hessen<\/a><\/li>\n <li><a href=\"https:\/\/www.regierung-mv.de\/corona\/\" target=\"_blank\" rel=\"noopener noreferrer\">Mecklenburg-Vorpommern<\/a><\/li>\n<\/ul>\t\t\t\t\t\t<\/div>\n\t\t\t\t<\/div>\n\t\t\t\t\t<\/div>\n\t\t<\/div>\n\t\t\t\t<div class=\"elementor-column elementor-col-25 elementor-top-column elementor-element elementor-element-9bd9241\" data-id=\"9bd9241\" data-element_type=\"column\" data-settings=\"{&quot;background_background&quot;:&quot;classic&quot;}\">\n\t\t\t<div class=\"elementor-widget-wrap elementor-element-populated\">\n\t\t\t\t\t\t\t\t<div class=\"elementor-element elementor-element-df66e8d elementor-widget elementor-widget-text-editor\" data-id=\"df66e8d\" data-element_type=\"widget\" data-widget_type=\"text-editor.default\">\n\t\t\t\t<div class=\"elementor-widget-container\">\n\t\t\t\t\t\t\t<ul>\n <li><a href=\"https:\/\/www.niedersachsen.de\/Coronavirus\" target=\"_blank\" rel=\"noopener noreferrer\">Niedersachsen<\/a><\/li>\n<li><a href=\"https:\/\/www.land.nrw\/corona\" target=\"_blank\" rel=\"noopener noreferrer\">Nordrhein-Westfalen<\/a><\/li>\n<li><a href=\"https:\/\/corona.rlp.de\/de\/startseite\/\" target=\"_blank\" rel=\"noopener noreferrer\">Rheinland-Pfalz<\/a><\/li>\n<li><a href=\"https:\/\/corona.saarland.de\/DE\/home\/home_node.html\" target=\"_blank\" rel=\"noopener noreferrer\">Saarland<\/a><\/li>\n<\/ul>\t\t\t\t\t\t<\/div>\n\t\t\t\t<\/div>\n\t\t\t\t\t<\/div>\n\t\t<\/div>\n\t\t\t\t<div class=\"elementor-column elementor-col-25 elementor-top-column elementor-element elementor-element-1058ef8\" data-id=\"1058ef8\" data-element_type=\"column\" data-settings=\"{&quot;background_background&quot;:&quot;classic&quot;}\">\n\t\t\t<div class=\"elementor-widget-wrap elementor-element-populated\">\n\t\t\t\t\t\t\t\t<div class=\"elementor-element elementor-element-0b7e1cc elementor-widget elementor-widget-text-editor\" data-id=\"0b7e1cc\" data-element_type=\"widget\" data-widget_type=\"text-editor.default\">\n\t\t\t\t<div class=\"elementor-widget-container\">\n\t\t\t\t\t\t\t<ul><li><a href=\"https:\/\/www.coronavirus.sachsen.de\/\" target=\"_blank\" rel=\"noopener noreferrer\">Sachsen<\/a><\/li><li><a href=\"https:\/\/coronavirus.sachsen-anhalt.de\/\" target=\"_blank\" rel=\"noopener noreferrer\">Sachsen-Anhalt<\/a><\/li><li><a href=\"https:\/\/schleswig-holstein.de\/DE\/Schwerpunkte\/Coronavirus\/coronavirus_node.html\" target=\"_blank\" rel=\"noopener noreferrer\">Schleswig-Holstein<\/a><\/li><li><a href=\"https:\/\/corona.thueringen.de\/\" target=\"_blank\" rel=\"noopener noreferrer\">Th\u00fcringen<\/a><\/li><\/ul>\t\t\t\t\t\t<\/div>\n\t\t\t\t<\/div>\n\t\t\t\t\t<\/div>\n\t\t<\/div>\n\t\t\t\t\t\t\t<\/div>\n\t\t<\/section>\n\t\t\t\t<section class=\"elementor-section elementor-top-section elementor-element elementor-element-4379e1b elementor-section-boxed elementor-section-height-default elementor-section-height-default\" data-id=\"4379e1b\" data-element_type=\"section\" data-settings=\"{&quot;background_background&quot;:&quot;classic&quot;}\">\n\t\t\t\t\t\t<div class=\"elementor-container elementor-column-gap-default\">\n\t\t\t\t\t<div class=\"elementor-column elementor-col-100 elementor-top-column elementor-element elementor-element-bf07f1f\" data-id=\"bf07f1f\" data-element_type=\"column\">\n\t\t\t<div class=\"elementor-widget-wrap elementor-element-populated\">\n\t\t\t\t\t\t\t\t<div class=\"elementor-element elementor-element-1568146 elementor-widget elementor-widget-heading\" data-id=\"1568146\" data-element_type=\"widget\" data-widget_type=\"heading.default\">\n\t\t\t\t<div class=\"elementor-widget-container\">\n\t\t\t<h2 class=\"elementor-heading-title elementor-size-default\">Aktuelle Informationen f\u00fcr Reisende<\/h2>\t\t<\/div>\n\t\t\t\t<\/div>\n\t\t\t\t\t<\/div>\n\t\t<\/div>\n\t\t\t\t\t\t\t<\/div>\n\t\t<\/section>\n\t\t\t\t<section class=\"elementor-section elementor-top-section elementor-element elementor-element-73aaa14 elementor-section-boxed elementor-section-height-default elementor-section-height-default\" data-id=\"73aaa14\" data-element_type=\"section\" data-settings=\"{&quot;background_background&quot;:&quot;classic&quot;}\">\n\t\t\t\t\t\t<div class=\"elementor-container elementor-column-gap-default\">\n\t\t\t\t\t<div class=\"elementor-column elementor-col-100 elementor-top-column elementor-element elementor-element-6afe331\" data-id=\"6afe331\" data-element_type=\"column\">\n\t\t\t<div class=\"elementor-widget-wrap elementor-element-populated\">\n\t\t\t\t\t\t\t\t<div class=\"elementor-element elementor-element-5dc20a0 elementor-widget elementor-widget-text-editor\" data-id=\"5dc20a0\" data-element_type=\"widget\" data-widget_type=\"text-editor.default\">\n\t\t\t\t<div class=\"elementor-widget-container\">\n\t\t\t\t\t\t\t<p>Reise- und Sicherheitshinweise des Ausw\u00e4rtigen Amts zur T\u00fcrkei werden laufend aktualisiert. Bitte informieren Sie sich regelm\u00e4\u00dfig \u00fcber die aktuellen Reise- und Sicherheitshinweise zur T\u00fcrkei.<\/p>\t\t\t\t\t\t<\/div>\n\t\t\t\t<\/div>\n\t\t\t\t<div class=\"elementor-element elementor-element-ec51b6a elementor-align-center elementor-widget elementor-widget-button\" data-id=\"ec51b6a\" data-element_type=\"widget\" data-settings=\"{&quot;_animation&quot;:&quot;none&quot;}\" data-widget_type=\"button.default\">\n\t\t\t\t<div class=\"elementor-widget-container\">\n\t\t\t\t\t<div class=\"elementor-button-wrapper\">\n\t\t\t<a href=\"https:\/\/www.auswaertiges-amt.de\/de\/ReiseUndSicherheit\/tuerkeisicherheit\/201962\" target=\"_blank\" class=\"elementor-button-link elementor-button elementor-size-md elementor-animation-grow\" role=\"button\">\n\t\t\t\t\t\t<span class=\"elementor-button-content-wrapper\">\n\t\t\t\t\t\t<span class=\"elementor-button-text\">Reise- und Sicherheitshinweise zur T\u00fcrkei<\/span>\n\t\t<\/span>\n\t\t\t\t\t<\/a>\n\t\t<\/div>\n\t\t\t\t<\/div>\n\t\t\t\t<\/div>\n\t\t\t\t<div class=\"elementor-element elementor-element-5980c64 elementor-widget elementor-widget-text-editor\" data-id=\"5980c64\" data-element_type=\"widget\" data-widget_type=\"text-editor.default\">\n\t\t\t\t<div class=\"elementor-widget-container\">\n\t\t\t\t\t\t\t<p><span lang=\"TR\">R\u00fcckkehr nach Deutschland<\/span><\/p>\t\t\t\t\t\t<\/div>\n\t\t\t\t<\/div>\n\t\t\t\t<div class=\"elementor-element elementor-element-c5bdc08 elementor-widget elementor-widget-text-editor\" data-id=\"c5bdc08\" data-element_type=\"widget\" data-widget_type=\"text-editor.default\">\n\t\t\t\t<div class=\"elementor-widget-container\">\n\t\t\t\t\t\t\t<p>Die Coronavirus-Einreiseverordnung regelt bundesweit einheitlich die Anmelde-, Nachweis- und Quarant\u00e4nepflicht sowie das Bef\u00f6rderungsverbot aus Virusvariantengebieten.<\/p>\t\t\t\t\t\t<\/div>\n\t\t\t\t<\/div>\n\t\t\t\t<div class=\"elementor-element elementor-element-c4fd9bb elementor-align-center elementor-widget elementor-widget-button\" data-id=\"c4fd9bb\" data-element_type=\"widget\" data-settings=\"{&quot;_animation&quot;:&quot;none&quot;}\" data-widget_type=\"button.default\">\n\t\t\t\t<div class=\"elementor-widget-container\">\n\t\t\t\t\t<div class=\"elementor-button-wrapper\">\n\t\t\t<a href=\"https:\/\/tuerkei.diplo.de\/tr-de?openAccordionId=item-2439366-1-panel\" target=\"_blank\" class=\"elementor-button-link elementor-button elementor-size-md elementor-animation-grow\" role=\"button\">\n\t\t\t\t\t\t<span class=\"elementor-button-content-wrapper\">\n\t\t\t\t\t\t<span class=\"elementor-button-text\">Einreise nach Deutschland<\/span>\n\t\t<\/span>\n\t\t\t\t\t<\/a>\n\t\t<\/div>\n\t\t\t\t<\/div>\n\t\t\t\t<\/div>\n\t\t\t\t<div class=\"elementor-element elementor-element-7de46c7 elementor-hidden-desktop elementor-hidden-tablet elementor-hidden-phone elementor-widget elementor-widget-text-editor\" data-id=\"7de46c7\" data-element_type=\"widget\" data-widget_type=\"text-editor.default\">\n\t\t\t\t<div class=\"elementor-widget-container\">\n\t\t\t\t\t\t\t<p>Yeni koronavir\u00fcs giri\u015f y\u00f6netmeli\u011fi, ula\u015f\u0131m t\u00fcr\u00fcnden ve y\u00fcksek riskli veya vir\u00fcs varyant\u0131 alan\u0131nda daha \u00f6nce kal\u0131\u015f\u0131n\u0131z\u0131n ger\u00e7ekle\u015fmi\u015f olup olmad\u0131\u011f\u0131na bak\u0131lmaks\u0131z\u0131n giri\u015f kan\u0131t\u0131 sa\u011flama genel y\u00fck\u00fcml\u00fcl\u00fc\u011f\u00fcn\u00fc i\u00e7ermektedir. 6 ya\u015f ve \u00fcst\u00fc ki\u015filerin giri\u015fte negatif test sonucu, a\u015f\u0131 kan\u0131t\u0131 veya iyile\u015fme kan\u0131t\u0131 olmas\u0131 gerekir.<\/p>\t\t\t\t\t\t<\/div>\n\t\t\t\t<\/div>\n\t\t\t\t<div class=\"elementor-element elementor-element-adacb5e elementor-widget elementor-widget-text-editor\" data-id=\"adacb5e\" data-element_type=\"widget\" data-widget_type=\"text-editor.default\">\n\t\t\t\t<div class=\"elementor-widget-container\">\n\t\t\t\t\t\t\tFragen und Antworten bei Einreisen aus Risikogebieten\t\t\t\t\t\t<\/div>\n\t\t\t\t<\/div>\n\t\t\t\t<div class=\"elementor-element elementor-element-249067a elementor-widget elementor-widget-text-editor\" data-id=\"249067a\" data-element_type=\"widget\" data-widget_type=\"text-editor.default\">\n\t\t\t\t<div class=\"elementor-widget-container\">\n\t\t\t\t\t\t\t<p>Ab Donnerstag, den 3. M\u00e4rz 2022 ist die Einstufung der T\u00fcrkei als sog. Hochrisikogebiet aufgehoben!<\/p><p>Hier finden Sie die wichtigsten Fragen und Antworten bei Einreisen.<\/p>\t\t\t\t\t\t<\/div>\n\t\t\t\t<\/div>\n\t\t\t\t<div class=\"elementor-element elementor-element-1df09ba elementor-align-center elementor-widget elementor-widget-button\" data-id=\"1df09ba\" data-element_type=\"widget\" data-settings=\"{&quot;_animation&quot;:&quot;none&quot;}\" data-widget_type=\"button.default\">\n\t\t\t\t<div class=\"elementor-widget-container\">\n\t\t\t\t\t<div class=\"elementor-button-wrapper\">\n\t\t\t<a href=\"https:\/\/www.bundesgesundheitsministerium.de\/coronavirus-infos-reisende\/einreise-sms.html\" target=\"_blank\" class=\"elementor-button-link elementor-button elementor-size-md elementor-animation-grow\" role=\"button\">\n\t\t\t\t\t\t<span class=\"elementor-button-content-wrapper\">\n\t\t\t\t\t\t<span class=\"elementor-button-text\">Weitere Informationen!<\/span>\n\t\t<\/span>\n\t\t\t\t\t<\/a>\n\t\t<\/div>\n\t\t\t\t<\/div>\n\t\t\t\t<\/div>\n\t\t\t\t<div class=\"elementor-element elementor-element-0d46503 elementor-widget elementor-widget-text-editor\" data-id=\"0d46503\" data-element_type=\"widget\" data-widget_type=\"text-editor.default\">\n\t\t\t\t<div class=\"elementor-widget-container\">\n\t\t\t\t\t\t\t<p>Die Quarant\u00e4nepflicht wird von den einzelnen Bundesl\u00e4ndern geregelt. Mehr zu den Corona-Regelungen erfahren Sie auf der Website des Bundeslandes, in das Sie einreisen oder in dem Sie Ihren Wohnsitz haben.<\/p>\t\t\t\t\t\t<\/div>\n\t\t\t\t<\/div>\n\t\t\t\t\t<\/div>\n\t\t<\/div>\n\t\t\t\t\t\t\t<\/div>\n\t\t<\/section>\n\t\t\t\t<section class=\"elementor-section elementor-top-section elementor-element elementor-element-d4cfb67 elementor-section-boxed elementor-section-height-default elementor-section-height-default\" data-id=\"d4cfb67\" data-element_type=\"section\">\n\t\t\t\t\t\t<div class=\"elementor-container elementor-column-gap-default\">\n\t\t\t\t\t<div class=\"elementor-column elementor-col-100 elementor-top-column elementor-element elementor-element-b5800b7\" data-id=\"b5800b7\" data-element_type=\"column\">\n\t\t\t<div class=\"elementor-widget-wrap elementor-element-populated\">\n\t\t\t\t\t\t\t\t<div class=\"elementor-element elementor-element-1d3b379 elementor-widget elementor-widget-menu-anchor\" data-id=\"1d3b379\" data-element_type=\"widget\" data-widget_type=\"menu-anchor.default\">\n\t\t\t\t<div class=\"elementor-widget-container\">\n\t\t\t\t\t<div id=\"corona-warn-app\" class=\"elementor-menu-anchor\"><\/div>\n\t\t\t\t<\/div>\n\t\t\t\t<\/div>\n\t\t\t\t<div class=\"elementor-element elementor-element-25a0a20 elementor-widget elementor-widget-heading\" data-id=\"25a0a20\" data-element_type=\"widget\" data-widget_type=\"heading.default\">\n\t\t\t\t<div class=\"elementor-widget-container\">\n\t\t\t<h2 class=\"elementor-heading-title elementor-size-default\">Corona-Warn-App<\/h2>\t\t<\/div>\n\t\t\t\t<\/div>\n\t\t\t\t<div class=\"elementor-element elementor-element-d6ae6aa elementor-widget elementor-widget-text-editor\" data-id=\"d6ae6aa\" data-element_type=\"widget\" data-widget_type=\"text-editor.default\">\n\t\t\t\t<div class=\"elementor-widget-container\">\n\t\t\t\t\t\t\t<p>Impfstatus digital nachweisen mit der Corona-Warn-App<\/p>\t\t\t\t\t\t<\/div>\n\t\t\t\t<\/div>\n\t\t\t\t\t<\/div>\n\t\t<\/div>\n\t\t\t\t\t\t\t<\/div>\n\t\t<\/section>\n\t\t\t\t<section class=\"elementor-section elementor-top-section elementor-element elementor-element-633a9c5 elementor-section-boxed elementor-section-height-default elementor-section-height-default\" data-id=\"633a9c5\" data-element_type=\"section\">\n\t\t\t\t\t\t<div class=\"elementor-container elementor-column-gap-default\">\n\t\t\t\t\t<div class=\"elementor-column elementor-col-50 elementor-top-column elementor-element elementor-element-97c41ac\" data-id=\"97c41ac\" data-element_type=\"column\">\n\t\t\t<div class=\"elementor-widget-wrap elementor-element-populated\">\n\t\t\t\t\t\t\t\t<div class=\"elementor-element elementor-element-af15f74 elementor-invisible elementor-widget elementor-widget-image\" data-id=\"af15f74\" data-element_type=\"widget\" data-settings=\"{&quot;_animation&quot;:&quot;slideInUp&quot;,&quot;_animation_tablet&quot;:&quot;zoomIn&quot;,&quot;_animation_mobile&quot;:&quot;rollIn&quot;}\" data-widget_type=\"image.default\">\n\t\t\t\t<div class=\"elementor-widget-container\">\n\t\t\t\t\t\t\t\t\t\t\t\t\t\t\t<img src=\"https:\/\/covid-19-bilgi.de\/wp-content\/uploads\/elementor\/thumbs\/Smartphone-mit-CoronaWarnApp-p92n9rb85n9dkpsvvsd8ho3v8xcg6c4dg75x3c6tkw.png\" title=\"Smartphone-mit-CoronaWarnApp\" alt=\"Smartphone-mit-CoronaWarnApp\" \/>\t\t\t\t\t\t\t\t\t\t\t\t\t\t\t<\/div>\n\t\t\t\t<\/div>\n\t\t\t\t\t<\/div>\n\t\t<\/div>\n\t\t\t\t<div class=\"elementor-column elementor-col-50 elementor-top-column elementor-element elementor-element-c847fc4\" data-id=\"c847fc4\" data-element_type=\"column\">\n\t\t\t<div class=\"elementor-widget-wrap elementor-element-populated\">\n\t\t\t\t\t\t\t\t<div class=\"elementor-element elementor-element-b6d8ad4 elementor-widget elementor-widget-text-editor\" data-id=\"b6d8ad4\" data-element_type=\"widget\" data-widget_type=\"text-editor.default\">\n\t\t\t\t<div class=\"elementor-widget-container\">\n\t\t\t\t\t\t\t<p><strong>Mit Version 2.3 der Corona-Warn-App wird es Nutzerinnen und Nutzern k\u00fcnftig m\u00f6glich sein, ihre SARS-CoV-2-Impfzertifikate hinzuzuf\u00fcgen.<\/strong><\/p><div>\u00a0<\/div><p>Nach der Check-in-Funktion und der M\u00f6glichkeit, den Infektionsstatus durch einen (negativen) Schnelltest nachzuweisen, k\u00f6nnen User ihren pers\u00f6nlichen Impfstatus in Zukunft mit Hilfe der Corona-Warn-App nachweisen.<\/p><p><strong>Wie funktioniert und was kann die Corona-Warn-App<\/strong><\/p><p>Die Corona-Warn-App hilft, Infektionsketten schnell zu durchbrechen. Sie macht das Smartphone zum Warnsystem. Die App informiert uns, wenn wir Kontakt mit nachweislich Corona-positiv getesteten Personen hatten. Sie sch\u00fctzt uns und unsere Mitmenschen und unsere Privatsph\u00e4re.<\/p><p>Die App fungiert als digitale Erg\u00e4nzung zu Abstandhalten, Hygiene und Alltagsmaske. Wer sie nutzt, hilft, Infektionsketten schnell nachzuverfolgen und zu durchbrechen. Die App merkt sich dezentral unsere Begegnungen mit anderen und informiert uns digital, wenn wir Begegnungen mit nachweislich infizierten Personen hatten. Dabei sammelt sie jedoch zu keiner Zeit Informationen zur Identit\u00e4t ihrer Nutzerinnen und Nutzer.<\/p><p>Wer wir sind und wo wir sind, bleibt geheim \u2013 und unsere Privatsph\u00e4re bestens gesch\u00fctzt. Je mehr Menschen die Corona-Warn-App nutzen, desto schneller k\u00f6nnen in der Zukunft Infektionsketten durchbrochen werden.<\/p>\t\t\t\t\t\t<\/div>\n\t\t\t\t<\/div>\n\t\t\t\t<div class=\"elementor-element elementor-element-76d97b4 elementor-align-center elementor-mobile-align-center elementor-widget elementor-widget-button\" data-id=\"76d97b4\" data-element_type=\"widget\" data-settings=\"{&quot;_animation&quot;:&quot;none&quot;}\" data-widget_type=\"button.default\">\n\t\t\t\t<div class=\"elementor-widget-container\">\n\t\t\t\t\t<div class=\"elementor-button-wrapper\">\n\t\t\t<a href=\"https:\/\/www.bundesregierung.de\/breg-de\/themen\/corona-warn-app\" target=\"_blank\" class=\"elementor-button-link elementor-button elementor-size-md elementor-animation-grow\" role=\"button\">\n\t\t\t\t\t\t<span class=\"elementor-button-content-wrapper\">\n\t\t\t\t\t\t<span class=\"elementor-button-text\">F\u00fcr mehr Informationen klicken Sie hier!<\/span>\n\t\t<\/span>\n\t\t\t\t\t<\/a>\n\t\t<\/div>\n\t\t\t\t<\/div>\n\t\t\t\t<\/div>\n\t\t\t\t\t<\/div>\n\t\t<\/div>\n\t\t\t\t\t\t\t<\/div>\n\t\t<\/section>\n\t\t\t\t<section class=\"elementor-section elementor-top-section elementor-element elementor-element-be7aa70 elementor-section-boxed elementor-section-height-default elementor-section-height-default\" data-id=\"be7aa70\" data-element_type=\"section\">\n\t\t\t\t\t\t<div class=\"elementor-container elementor-column-gap-default\">\n\t\t\t\t\t<div class=\"elementor-column elementor-col-100 elementor-top-column elementor-element elementor-element-e7ac5cc\" data-id=\"e7ac5cc\" data-element_type=\"column\">\n\t\t\t<div class=\"elementor-widget-wrap elementor-element-populated\">\n\t\t\t\t\t\t\t\t<div class=\"elementor-element elementor-element-b635500 elementor-invisible elementor-widget elementor-widget-text-editor\" data-id=\"b635500\" data-element_type=\"widget\" data-settings=\"{&quot;_animation&quot;:&quot;bounceInDown&quot;}\" data-widget_type=\"text-editor.default\">\n\t\t\t\t<div class=\"elementor-widget-container\">\n\t\t\t\t\t\t\t<p>Die App ist  auch auf T\u00fcrkisch!<\/p>\t\t\t\t\t\t<\/div>\n\t\t\t\t<\/div>\n\t\t\t\t<div class=\"elementor-element elementor-element-bcb6aaf elementor-invisible elementor-widget elementor-widget-text-editor\" data-id=\"bcb6aaf\" data-element_type=\"widget\" data-settings=\"{&quot;_animation&quot;:&quot;bounceInUp&quot;}\" data-widget_type=\"text-editor.default\">\n\t\t\t\t<div class=\"elementor-widget-container\">\n\t\t\t\t\t\t\t<p>Es reicht aus, wenn Ihr Telefon auf t\u00fcrkische Sprache eingestellt ist.<\/p>\t\t\t\t\t\t<\/div>\n\t\t\t\t<\/div>\n\t\t\t\t<div class=\"elementor-element elementor-element-f74426b elementor-widget elementor-widget-text-editor\" data-id=\"f74426b\" data-element_type=\"widget\" data-widget_type=\"text-editor.default\">\n\t\t\t\t<div class=\"elementor-widget-container\">\n\t\t\t\t\t\t\t<p>Haben Sie noch Fragen?<\/p>\t\t\t\t\t\t<\/div>\n\t\t\t\t<\/div>\n\t\t\t\t<div class=\"elementor-element elementor-element-c78a5d9 elementor-widget elementor-widget-text-editor\" data-id=\"c78a5d9\" data-element_type=\"widget\" data-widget_type=\"text-editor.default\">\n\t\t\t\t<div class=\"elementor-widget-container\">\n\t\t\t\t\t\t\t<p>Bei technischen Fragen zur Corona-Warn-App k\u00f6nnen Sie sich direkt an die Hotline der Anwendungsentwickler wenden.<\/p>\t\t\t\t\t\t<\/div>\n\t\t\t\t<\/div>\n\t\t\t\t<div class=\"elementor-element elementor-element-b01e255 elementor-widget elementor-widget-text-editor\" data-id=\"b01e255\" data-element_type=\"widget\" data-widget_type=\"text-editor.default\">\n\t\t\t\t<div class=\"elementor-widget-container\">\n\t\t\t\t\t\t\t<p>Kostenlose t\u00fcrkische Infoline<\/p>\t\t\t\t\t\t<\/div>\n\t\t\t\t<\/div>\n\t\t\t\t<div class=\"elementor-element elementor-element-56422e8 elementor-headline--style-highlight elementor-widget elementor-widget-animated-headline\" data-id=\"56422e8\" data-element_type=\"widget\" data-settings=\"{&quot;marker&quot;:&quot;curly&quot;,&quot;highlighted_text&quot;:&quot;0800 7540 001&quot;,&quot;headline_style&quot;:&quot;highlight&quot;,&quot;loop&quot;:&quot;yes&quot;,&quot;highlight_animation_duration&quot;:1200,&quot;highlight_iteration_delay&quot;:8000}\" data-widget_type=\"animated-headline.default\">\n\t\t\t\t<div class=\"elementor-widget-container\">\n\t\t\t\t\t<h3 class=\"elementor-headline\">\n\t\t\t\t<span class=\"elementor-headline-dynamic-wrapper elementor-headline-text-wrapper\">\n\t\t\t\t\t<span class=\"elementor-headline-dynamic-text elementor-headline-text-active\">0800 7540 001<\/span>\n\t\t\t\t<\/span>\n\t\t\t\t<\/h3>\n\t\t\t\t<\/div>\n\t\t\t\t<\/div>\n\t\t\t\t<div class=\"elementor-element elementor-element-df0081a elementor-widget elementor-widget-text-editor\" data-id=\"df0081a\" data-element_type=\"widget\" data-widget_type=\"text-editor.default\">\n\t\t\t\t<div class=\"elementor-widget-container\">\n\t\t\t\t\t\t\t<p class=\" translation-block\">Montag bis Samstag: 07:00 Uhr - 22:00 Uhr  <br>(au\u00dfer an Feiertagen in Deutschland)<\/p><p><strong>Jetzt die Corona-Warn-App herunterladen und Corona gemeinsam bek\u00e4mpfen.<\/strong><\/p><p><a href=\"https:\/\/apps.apple.com\/de\/app\/corona-warn-app\/id1512595757\"><strong>Direkt zum App-Store<\/strong><\/a><\/p><p><a href=\"https:\/\/play.google.com\/store\/apps\/details?id=de.rki.coronawarnapp\"><strong>Direkt zum Google-Play-Store<\/strong><\/a><\/p>\t\t\t\t\t\t<\/div>\n\t\t\t\t<\/div>\n\t\t\t\t\t<\/div>\n\t\t<\/div>\n\t\t\t\t\t\t\t<\/div>\n\t\t<\/section>\n\t\t\t\t<section class=\"elementor-section elementor-top-section elementor-element elementor-element-0f5094d elementor-section-boxed elementor-section-height-default elementor-section-height-default\" data-id=\"0f5094d\" data-element_type=\"section\" data-settings=\"{&quot;background_background&quot;:&quot;classic&quot;}\">\n\t\t\t\t\t\t<div class=\"elementor-container elementor-column-gap-default\">\n\t\t\t\t\t<div class=\"elementor-column elementor-col-100 elementor-top-column elementor-element elementor-element-e29f35a\" data-id=\"e29f35a\" data-element_type=\"column\">\n\t\t\t<div class=\"elementor-widget-wrap elementor-element-populated\">\n\t\t\t\t\t\t\t\t<div class=\"elementor-element elementor-element-6495d36 elementor-widget elementor-widget-heading\" data-id=\"6495d36\" data-element_type=\"widget\" data-widget_type=\"heading.default\">\n\t\t\t\t<div class=\"elementor-widget-container\">\n\t\t\t<h2 class=\"elementor-heading-title elementor-size-default\">CovPass App<\/h2>\t\t<\/div>\n\t\t\t\t<\/div>\n\t\t\t\t<div class=\"elementor-element elementor-element-1bf6fcb elementor-widget elementor-widget-text-editor\" data-id=\"1bf6fcb\" data-element_type=\"widget\" data-widget_type=\"text-editor.default\">\n\t\t\t\t<div class=\"elementor-widget-container\">\n\t\t\t\t\t\t\t<div><span lang=\"TR\">Zeigen Sie bei Bedarf Ihre EU Digitale COVID-Zertifikate  per QR-Code vor<\/span><\/div>\t\t\t\t\t\t<\/div>\n\t\t\t\t<\/div>\n\t\t\t\t\t<\/div>\n\t\t<\/div>\n\t\t\t\t\t\t\t<\/div>\n\t\t<\/section>\n\t\t\t\t<section class=\"elementor-section elementor-top-section elementor-element elementor-element-7bcc093d elementor-section-content-middle elementor-section-boxed elementor-section-height-default elementor-section-height-default\" data-id=\"7bcc093d\" data-element_type=\"section\" data-settings=\"{&quot;background_background&quot;:&quot;classic&quot;}\">\n\t\t\t\t\t\t<div class=\"elementor-container elementor-column-gap-no\">\n\t\t\t\t\t<div class=\"elementor-column elementor-col-33 elementor-top-column elementor-element elementor-element-b278bbc\" data-id=\"b278bbc\" data-element_type=\"column\">\n\t\t\t<div class=\"elementor-widget-wrap elementor-element-populated\">\n\t\t\t\t\t\t\t\t<div class=\"elementor-element elementor-element-78d9a7f elementor-view-default elementor-vertical-align-top elementor-widget elementor-widget-icon-box\" data-id=\"78d9a7f\" data-element_type=\"widget\" data-widget_type=\"icon-box.default\">\n\t\t\t\t<div class=\"elementor-widget-container\">\n\t\t\t\t\t<div class=\"elementor-icon-box-wrapper\">\n\t\t\t\t\t\t<div class=\"elementor-icon-box-content\">\n\t\t\t\t<h3 class=\"elementor-icon-box-title\">\n\t\t\t\t\t<span  >\n\t\t\t\t\t\tEinfach. Sicher. Papierlos.\t\t\t\t\t<\/span>\n\t\t\t\t<\/h3>\n\t\t\t\t\t\t\t\t\t<p class=\"elementor-icon-box-description translation-block\">Mit der CovPass-App laden Sie Ihr EU Digitales COVID Zertifikat mit dem QR-Code direkt auf das Smartphone. Zeigen Sie bei Bedarf Ihren vollst\u00e4ndigen Impfschutz, Ihre Genesung oder Ihr negatives Testergebnis per QR-Code vor.<\/p>\n\t\t\t\t\t\t\t<\/div>\n\t\t<\/div>\n\t\t\t\t<\/div>\n\t\t\t\t<\/div>\n\t\t\t\t<div class=\"elementor-element elementor-element-18eb432d elementor-view-default elementor-vertical-align-top elementor-widget elementor-widget-icon-box\" data-id=\"18eb432d\" data-element_type=\"widget\" data-widget_type=\"icon-box.default\">\n\t\t\t\t<div class=\"elementor-widget-container\">\n\t\t\t\t\t<div class=\"elementor-icon-box-wrapper\">\n\t\t\t\t\t\t<div class=\"elementor-icon-box-content\">\n\t\t\t\t<h3 class=\"elementor-icon-box-title\">\n\t\t\t\t\t<span  >\n\t\t\t\t\t\tDie App ist kostenlos\t\t\t\t\t<\/span>\n\t\t\t\t<\/h3>\n\t\t\t\t\t\t\t\t\t<p class=\"elementor-icon-box-description\">\n\t\t\t\t\t\tDie CovPass-App ist nur in den offiziellen, deutschen App Stores verf\u00fcgbar. Im Apple App Store, im Google Play Store und in der Huawei AppGallery k\u00f6nnen Sie die App in deutscher und englischer Sprache kostenlos herunterladen.\t\t\t\t\t<\/p>\n\t\t\t\t\t\t\t<\/div>\n\t\t<\/div>\n\t\t\t\t<\/div>\n\t\t\t\t<\/div>\n\t\t\t\t\t<\/div>\n\t\t<\/div>\n\t\t\t\t<div class=\"elementor-column elementor-col-33 elementor-top-column elementor-element elementor-element-72a07039\" data-id=\"72a07039\" data-element_type=\"column\">\n\t\t\t<div class=\"elementor-widget-wrap elementor-element-populated\">\n\t\t\t\t\t\t\t\t<div class=\"elementor-element elementor-element-3b42a1c1 elementor-invisible elementor-widget elementor-widget-image\" data-id=\"3b42a1c1\" data-element_type=\"widget\" data-settings=\"{&quot;motion_fx_motion_fx_mouse&quot;:&quot;yes&quot;,&quot;_animation&quot;:&quot;fadeInUp&quot;,&quot;_animation_tablet&quot;:&quot;fadeInUp&quot;}\" data-widget_type=\"image.default\">\n\t\t\t\t<div class=\"elementor-widget-container\">\n\t\t\t\t\t\t\t\t\t\t\t\t\t\t\t<img width=\"424\" height=\"850\" src=\"https:\/\/covid-19-bilgi.de\/wp-content\/uploads\/2021\/08\/CoPaAp.png\" class=\"attachment-large size-large\" alt=\"\" loading=\"lazy\" srcset=\"https:\/\/covid-19-bilgi.de\/wp-content\/uploads\/2021\/08\/CoPaAp.png 424w, https:\/\/covid-19-bilgi.de\/wp-content\/uploads\/2021\/08\/CoPaAp-150x300.png 150w, https:\/\/covid-19-bilgi.de\/wp-content\/uploads\/2021\/08\/CoPaAp-6x12.png 6w\" sizes=\"(max-width: 424px) 100vw, 424px\" \/>\t\t\t\t\t\t\t\t\t\t\t\t\t\t\t<\/div>\n\t\t\t\t<\/div>\n\t\t\t\t\t<\/div>\n\t\t<\/div>\n\t\t\t\t<div class=\"elementor-column elementor-col-33 elementor-top-column elementor-element elementor-element-322aa8a6\" data-id=\"322aa8a6\" data-element_type=\"column\">\n\t\t\t<div class=\"elementor-widget-wrap elementor-element-populated\">\n\t\t\t\t\t\t\t\t<div class=\"elementor-element elementor-element-1661702e elementor-view-default elementor-vertical-align-top elementor-widget elementor-widget-icon-box\" data-id=\"1661702e\" data-element_type=\"widget\" data-widget_type=\"icon-box.default\">\n\t\t\t\t<div class=\"elementor-widget-container\">\n\t\t\t\t\t<div class=\"elementor-icon-box-wrapper\">\n\t\t\t\t\t\t<div class=\"elementor-icon-box-content\">\n\t\t\t\t<h3 class=\"elementor-icon-box-title\">\n\t\t\t\t\t<span  >\n\t\t\t\t\t\tDigitale COVID-Zertifikate\t\t\t\t\t<\/span>\n\t\t\t\t<\/h3>\n\t\t\t\t\t\t\t\t\t<p class=\"elementor-icon-box-description\">\n\t\t\t\t\t\tDen QR-Code f\u00fcr die Corona-Impfung erhalten Sie nach der Impfung im Impfzentrum, in der Arztpraxis oder in der Apotheke. Bei einem Corona-Test bekommen Sie den QR-Code anschlie\u00dfend von der Teststelle \u00fcberreicht. F\u00fcr den Nachweis einer Genesung wenden Sie sich bitte an Ihre Haus\u00e4rztin oder Ihren Hausarzt.\t\t\t\t\t<\/p>\n\t\t\t\t\t\t\t<\/div>\n\t\t<\/div>\n\t\t\t\t<\/div>\n\t\t\t\t<\/div>\n\t\t\t\t<div class=\"elementor-element elementor-element-a54fb72 elementor-view-default elementor-vertical-align-top elementor-widget elementor-widget-icon-box\" data-id=\"a54fb72\" data-element_type=\"widget\" data-widget_type=\"icon-box.default\">\n\t\t\t\t<div class=\"elementor-widget-container\">\n\t\t\t\t\t<div class=\"elementor-icon-box-wrapper\">\n\t\t\t\t\t\t<div class=\"elementor-icon-box-content\">\n\t\t\t\t<h3 class=\"elementor-icon-box-title\">\n\t\t\t\t\t<span  >\n\t\t\t\t\t\tBitte beachten Sie! \t\t\t\t\t<\/span>\n\t\t\t\t<\/h3>\n\t\t\t\t\t\t\t\t\t<p class=\"elementor-icon-box-description\">\n\t\t\t\t\t\tDie CovPass-App kann nur die Zertifikate (QR-Codes) einlesen, die den europ\u00e4ischen Vorgaben entsprechen.\t\t\t\t\t<\/p>\n\t\t\t\t\t\t\t<\/div>\n\t\t<\/div>\n\t\t\t\t<\/div>\n\t\t\t\t<\/div>\n\t\t\t\t\t<\/div>\n\t\t<\/div>\n\t\t\t\t\t\t\t<\/div>\n\t\t<\/section>\n\t\t\t\t<section class=\"elementor-section elementor-top-section elementor-element elementor-element-c6f1feb elementor-section-boxed elementor-section-height-default elementor-section-height-default\" data-id=\"c6f1feb\" data-element_type=\"section\" data-settings=\"{&quot;background_background&quot;:&quot;classic&quot;}\">\n\t\t\t\t\t\t<div class=\"elementor-container elementor-column-gap-default\">\n\t\t\t\t\t<div class=\"elementor-column elementor-col-100 elementor-top-column elementor-element elementor-element-601106d\" data-id=\"601106d\" data-element_type=\"column\">\n\t\t\t<div class=\"elementor-widget-wrap elementor-element-populated\">\n\t\t\t\t\t\t\t\t<div class=\"elementor-element elementor-element-565b679 elementor-widget elementor-widget-text-editor\" data-id=\"565b679\" data-element_type=\"widget\" data-widget_type=\"text-editor.default\">\n\t\t\t\t<div class=\"elementor-widget-container\">\n\t\t\t\t\t\t\t<p>Jetzt die kostenlose CovPass App herunterladen<\/p>\t\t\t\t\t\t<\/div>\n\t\t\t\t<\/div>\n\t\t\t\t\t<\/div>\n\t\t<\/div>\n\t\t\t\t\t\t\t<\/div>\n\t\t<\/section>\n\t\t\t\t<section class=\"elementor-section elementor-top-section elementor-element elementor-element-e41d656 elementor-section-boxed elementor-section-height-default elementor-section-height-default\" data-id=\"e41d656\" data-element_type=\"section\" data-settings=\"{&quot;background_background&quot;:&quot;classic&quot;}\">\n\t\t\t\t\t\t<div class=\"elementor-container elementor-column-gap-default\">\n\t\t\t\t\t<div class=\"elementor-column elementor-col-33 elementor-top-column elementor-element elementor-element-e6010ac\" data-id=\"e6010ac\" data-element_type=\"column\">\n\t\t\t<div class=\"elementor-widget-wrap elementor-element-populated\">\n\t\t\t\t\t\t\t\t<div class=\"elementor-element elementor-element-735da4e elementor-widget elementor-widget-heading\" data-id=\"735da4e\" data-element_type=\"widget\" data-widget_type=\"heading.default\">\n\t\t\t\t<div class=\"elementor-widget-container\">\n\t\t\t<h2 class=\"elementor-heading-title elementor-size-default\"><a href=\"https:\/\/apps.apple.com\/de\/app\/covpass\/id1566140352\" target=\"_blank\">Apple App Store<\/a><\/h2>\t\t<\/div>\n\t\t\t\t<\/div>\n\t\t\t\t\t<\/div>\n\t\t<\/div>\n\t\t\t\t<div class=\"elementor-column elementor-col-33 elementor-top-column elementor-element elementor-element-6f34c05\" data-id=\"6f34c05\" data-element_type=\"column\">\n\t\t\t<div class=\"elementor-widget-wrap elementor-element-populated\">\n\t\t\t\t\t\t\t\t<div class=\"elementor-element elementor-element-998beba elementor-widget elementor-widget-heading\" data-id=\"998beba\" data-element_type=\"widget\" data-widget_type=\"heading.default\">\n\t\t\t\t<div class=\"elementor-widget-container\">\n\t\t\t<h2 class=\"elementor-heading-title elementor-size-default\"><a href=\"https:\/\/play.google.com\/store\/apps\/details?id=de.rki.covpass.app\" target=\"_blank\">Google Play Store<\/a><\/h2>\t\t<\/div>\n\t\t\t\t<\/div>\n\t\t\t\t\t<\/div>\n\t\t<\/div>\n\t\t\t\t<div class=\"elementor-column elementor-col-33 elementor-top-column elementor-element elementor-element-369caf7\" data-id=\"369caf7\" data-element_type=\"column\">\n\t\t\t<div class=\"elementor-widget-wrap elementor-element-populated\">\n\t\t\t\t\t\t\t\t<div class=\"elementor-element elementor-element-f71676d elementor-widget elementor-widget-heading\" data-id=\"f71676d\" data-element_type=\"widget\" data-widget_type=\"heading.default\">\n\t\t\t\t<div class=\"elementor-widget-container\">\n\t\t\t<h2 class=\"elementor-heading-title elementor-size-default\"><a href=\"https:\/\/appgallery.huawei.com\/#\/app\/C104325391\" target=\"_blank\">Huawei App Gallery<\/a><\/h2>\t\t<\/div>\n\t\t\t\t<\/div>\n\t\t\t\t\t<\/div>\n\t\t<\/div>\n\t\t\t\t\t\t\t<\/div>\n\t\t<\/section>\n\t\t\t\t<section class=\"elementor-section elementor-top-section elementor-element elementor-element-2a5374c elementor-section-boxed elementor-section-height-default elementor-section-height-default\" data-id=\"2a5374c\" data-element_type=\"section\" data-settings=\"{&quot;background_background&quot;:&quot;classic&quot;}\">\n\t\t\t\t\t\t<div class=\"elementor-container elementor-column-gap-default\">\n\t\t\t\t\t<div class=\"elementor-column elementor-col-100 elementor-top-column elementor-element elementor-element-f95f172\" data-id=\"f95f172\" data-element_type=\"column\">\n\t\t\t<div class=\"elementor-widget-wrap elementor-element-populated\">\n\t\t\t\t\t\t\t\t<div class=\"elementor-element elementor-element-4424f59 elementor-widget elementor-widget-heading\" data-id=\"4424f59\" data-element_type=\"widget\" data-widget_type=\"heading.default\">\n\t\t\t\t<div class=\"elementor-widget-container\">\n\t\t\t<h2 class=\"elementor-heading-title elementor-size-default\">Hotlines <\/h2>\t\t<\/div>\n\t\t\t\t<\/div>\n\t\t\t\t<div class=\"elementor-element elementor-element-2274b57 elementor-widget elementor-widget-text-editor\" data-id=\"2274b57\" data-element_type=\"widget\" data-widget_type=\"text-editor.default\">\n\t\t\t\t<div class=\"elementor-widget-container\">\n\t\t\t\t\t\t\t<p>WhatsApp-Infos &amp; Telegram<\/p>\t\t\t\t\t\t<\/div>\n\t\t\t\t<\/div>\n\t\t\t\t\t<\/div>\n\t\t<\/div>\n\t\t\t\t\t\t\t<\/div>\n\t\t<\/section>\n\t\t\t\t<section class=\"elementor-section elementor-top-section elementor-element elementor-element-c9bc97b elementor-section-boxed elementor-section-height-default elementor-section-height-default\" data-id=\"c9bc97b\" data-element_type=\"section\" data-settings=\"{&quot;background_background&quot;:&quot;classic&quot;}\">\n\t\t\t\t\t\t<div class=\"elementor-container elementor-column-gap-default\">\n\t\t\t\t\t<div class=\"elementor-column elementor-col-100 elementor-top-column elementor-element elementor-element-da17a0e\" data-id=\"da17a0e\" data-element_type=\"column\">\n\t\t\t<div class=\"elementor-widget-wrap elementor-element-populated\">\n\t\t\t\t\t\t\t\t<div class=\"elementor-element elementor-element-ece6715 elementor-widget elementor-widget-text-editor\" data-id=\"ece6715\" data-element_type=\"widget\" data-widget_type=\"text-editor.default\">\n\t\t\t\t<div class=\"elementor-widget-container\">\n\t\t\t\t\t\t\t<p>Wenn Sie die Sorge haben, sich mit dem Coronavirus infiziert zu haben: Wenden Sie sich telefonisch an Ihren Hausarzt oder w\u00e4hlen Sie die Nummer des \u00e4rztlichen Bereitschaftsdienstes: <b>116117<\/b><\/p><p>Alle aktuellen Informationen zur Corona- Schutzimpfung finden Sie  unter den bundesweiten kostenlosen Telefonnummern 0800 0000 837  (in den Sprachen Englisch, T\u00fcrkisch, Russisch und Arabisch).<\/p><p>Wir informieren Sie auf WhatsApp \u00fcber das Coronavirus: Speichern Sie daf\u00fcr die Nummer +49 151 62875183 und schreiben eine Nachricht mit \"Start\".<\/p><p>Auch bei Telegram bietet das Bundesgesundheitsministerium aktuelle Informationen zum Coronavirus.<\/p>\t\t\t\t\t\t<\/div>\n\t\t\t\t<\/div>\n\t\t\t\t\t<\/div>\n\t\t<\/div>\n\t\t\t\t\t\t\t<\/div>\n\t\t<\/section>\n\t\t\t\t<section class=\"elementor-section elementor-top-section elementor-element elementor-element-1f0aac45 elementor-section-boxed elementor-section-height-default elementor-section-height-default\" data-id=\"1f0aac45\" data-element_type=\"section\">\n\t\t\t\t\t\t<div class=\"elementor-container elementor-column-gap-default\">\n\t\t\t\t\t\t\t\t<\/div>\n\t\t<\/section>\n\t\t\t\t<section class=\"elementor-section elementor-top-section elementor-element elementor-element-6af532ab elementor-section-boxed elementor-section-height-default elementor-section-height-default\" data-id=\"6af532ab\" data-element_type=\"section\">\n\t\t\t\t\t\t<div class=\"elementor-container elementor-column-gap-default\">\n\t\t\t\t\t\t\t\t<\/div>\n\t\t<\/section>\n\t\t\t\t<section class=\"elementor-section elementor-top-section elementor-element elementor-element-3ecf424 elementor-hidden-desktop elementor-hidden-tablet elementor-hidden-phone elementor-section-boxed elementor-section-height-default elementor-section-height-default\" data-id=\"3ecf424\" data-element_type=\"section\" data-settings=\"{&quot;background_background&quot;:&quot;classic&quot;}\">\n\t\t\t\t\t\t<div class=\"elementor-container elementor-column-gap-default\">\n\t\t\t\t\t<div class=\"elementor-column elementor-col-100 elementor-top-column elementor-element elementor-element-caed54e\" data-id=\"caed54e\" data-element_type=\"column\">\n\t\t\t<div class=\"elementor-widget-wrap elementor-element-populated\">\n\t\t\t\t\t\t\t\t<div class=\"elementor-element elementor-element-794a78b elementor-arrows-position-inside elementor-pagination-position-outside elementor-widget elementor-widget-image-carousel\" data-id=\"794a78b\" data-element_type=\"widget\" data-settings=\"{&quot;navigation&quot;:&quot;both&quot;,&quot;autoplay&quot;:&quot;yes&quot;,&quot;pause_on_hover&quot;:&quot;yes&quot;,&quot;pause_on_interaction&quot;:&quot;yes&quot;,&quot;autoplay_speed&quot;:5000,&quot;infinite&quot;:&quot;yes&quot;,&quot;speed&quot;:500}\" data-widget_type=\"image-carousel.default\">\n\t\t\t\t<div class=\"elementor-widget-container\">\n\t\t\t\t\t<div class=\"elementor-image-carousel-wrapper swiper-container\" dir=\"ltr\">\n\t\t\t<div class=\"elementor-image-carousel swiper-wrapper\">\n\t\t\t\t\t\t\t\t<div class=\"swiper-slide\"><figure class=\"swiper-slide-inner\"><img class=\"swiper-slide-image\" src=\"https:\/\/covid-19-bilgi.de\/wp-content\/uploads\/2022\/02\/TR_uebersicht-der-wichtigsten-infektionsschutzmassnahmen-der-laender-140222_Seite_1.png\" alt=\"\" \/><\/figure><\/div>\t\t\t<\/div>\n\t\t\t\t\t<\/div>\n\t\t\t\t<\/div>\n\t\t\t\t<\/div>\n\t\t\t\t\t<\/div>\n\t\t<\/div>\n\t\t\t\t\t\t\t<\/div>\n\t\t<\/section>\n\t\t\t\t<section class=\"elementor-section elementor-top-section elementor-element elementor-element-017fcb7 elementor-section-boxed elementor-section-height-default elementor-section-height-default\" data-id=\"017fcb7\" data-element_type=\"section\">\n\t\t\t\t\t\t<div class=\"elementor-container elementor-column-gap-default\">\n\t\t\t\t\t<div class=\"elementor-column elementor-col-100 elementor-top-column elementor-element elementor-element-8c347e7\" data-id=\"8c347e7\" data-element_type=\"column\">\n\t\t\t<div class=\"elementor-widget-wrap\">\n\t\t\t\t\t\t\t\t\t<\/div>\n\t\t<\/div>\n\t\t\t\t\t\t\t<\/div>\n\t\t<\/section>\n\t\t\t\t\t\t\t<\/div>","protected":false},"excerpt":{"rendered":"<p>Korona G\u00fcncelAlmanya&#8217;dan Akt\u00fcel BilgilerA\u015f\u0131n\u0131z\u0131 Olun!A\u015f\u0131 Orucu Bozmaz!Hemen Randevunuzu Al\u0131n!A\u015f\u0131 Korur!Koruyun Kendinizi ve \u00c7evrenizdekileri!Hemen Randevunuzu Al\u0131n!G\u00fc\u00e7lendiri\u00e7i A\u015f\u0131COVID-19&#8217;a Kar\u015f\u0131 Hat\u0131rlatma A\u015f\u0131s\u0131 Hat\u0131rlatma a\u015f\u0131s\u0131 neden gereklidir?Haftal\u0131k Vaka Say\u0131s\u0131B\u00f6lgenizde Haftal\u0131k Vaka Say\u0131s\u0131 Nedir?RKI hakk\u0131nda daha fazla bilgi i\u00e7inKorona uyar\u0131 Uygulamas\u0131Ak\u0131ll\u0131 Bir Uyar\u0131 SistemiUygulama hakk\u0131nda \u00f6nemli bilgiler Previous Next 20 Mart 2022 tarihinden itibaren Almanya\u2019da geni\u015f \u00e7apl\u0131 koruyucu tedbirler b\u00fcy\u00fck [&hellip;]<\/p>","protected":false},"author":1,"featured_media":0,"parent":0,"menu_order":0,"comment_status":"closed","ping_status":"closed","template":"","meta":[],"_links":{"self":[{"href":"https:\/\/covid-19-bilgi.de\/de\/wp-json\/wp\/v2\/pages\/11"}],"collection":[{"href":"https:\/\/covid-19-bilgi.de\/de\/wp-json\/wp\/v2\/pages"}],"about":[{"href":"https:\/\/covid-19-bilgi.de\/de\/wp-json\/wp\/v2\/types\/page"}],"author":[{"embeddable":true,"href":"https:\/\/covid-19-bilgi.de\/de\/wp-json\/wp\/v2\/users\/1"}],"replies":[{"embeddable":true,"href":"https:\/\/covid-19-bilgi.de\/de\/wp-json\/wp\/v2\/comments?post=11"}],"version-history":[{"count":2653,"href":"https:\/\/covid-19-bilgi.de\/de\/wp-json\/wp\/v2\/pages\/11\/revisions"}],"predecessor-version":[{"id":6340,"href":"https:\/\/covid-19-bilgi.de\/de\/wp-json\/wp\/v2\/pages\/11\/revisions\/6340"}],"wp:attachment":[{"href":"https:\/\/covid-19-bilgi.de\/de\/wp-json\/wp\/v2\/media?parent=11"}],"curies":[{"name":"wp","href":"https:\/\/api.w.org\/{rel}","templated":true}]}}